{"id":11179,"date":"2025-11-14T12:30:54","date_gmt":"2025-11-14T15:30:54","guid":{"rendered":"https:\/\/moraviaclinica.com\/?page_id=11179"},"modified":"2026-04-13T13:13:36","modified_gmt":"2026-04-13T16:13:36","slug":"notas-de-interes","status":"publish","type":"page","link":"https:\/\/moraviaclinica.com\/index.php\/notas-de-interes\/","title":{"rendered":"NOTAS DE INTER\u00c9S"},"content":{"rendered":"<div class=\"wpb-content-wrapper\">[vc_row][vc_column][vc_single_image image=&#8221;11280&#8243; img_size=&#8221;large&#8221; alignment=&#8221;center&#8221;][vc_column_text css=&#8221;&#8221;]<figure class=\"wp-block-image aligncenter size-large\"><img decoding=\"async\" class=\"wp-image-11471\" src=\"..\/wp-content\/uploads\/2025\/11\/Captura-de-pantalla-2024-04-21-220514-600x600.png\" alt=\"\" \/><\/figure>\n<!-- \/wp:post-content -->&nbsp;\n\n<!-- wp:paragraph -->&nbsp;\n\n<!-- \/wp:paragraph -->&nbsp;\n\n<!-- wp:paragraph {\"fontSize\":\"medium\"} -->\n<p class=\"has-medium-font-size\"><strong>CARACTERISTICAS DESCRIPTIVAS DE LA INTERNACIONDE PACIENTES GERONTES EN UNA CLINICA<\/strong><\/p>\n\n<!-- \/wp:paragraph -->&nbsp;\n\n<!-- wp:file {\"id\":11472,\"href\":\"http:\/\/localhost\/moraviaclinica\/wp-content\/uploads\/2025\/11\/Trabajo-Monografico-Clinica-Moravia.docx\"} -->\n<div class=\"wp-block-file\"><a id=\"wp-block-file--media-59e21c93-86fa-42d3-9ec5-39663c0554ad\" href=\"..\/wp-content\/uploads\/2025\/11\/Trabajo-Monografico-Clinica-Moravia.docx\">Trabajo-Monografico-Clinica-Moravia<\/a><a class=\"wp-block-file__button wp-element-button\" href=\"..\/wp-content\/uploads\/2025\/11\/Trabajo-Monografico-Clinica-Moravia.docx\" download=\"\" aria-describedby=\"wp-block-file--media-59e21c93-86fa-42d3-9ec5-39663c0554ad\">Descarga<\/a><\/div>\n<!-- \/wp:file -->&nbsp;\n\n<!-- wp:paragraph -->&nbsp;\n\n<!-- \/wp:paragraph -->&nbsp;\n\n<!-- wp:paragraph -->&nbsp;\n\n<!-- \/wp:paragraph -->&nbsp;\n\n<!-- wp:paragraph -->&nbsp;\n\n<!-- \/wp:paragraph -->\n<h3><\/h3>\n<h3><strong><!-- wp:paragraph {\"fontSize\":\"medium\"} --><\/strong><\/h3>\n<h3 style=\"text-align: center;\"><strong>PROYECTO INSTITUCIONAL<\/strong><\/h3>\n<h3><strong><!-- \/wp:paragraph --><\/strong><\/h3>\n<h3><\/h3>\n<h3><strong><!-- wp:image {\"id\":11270,\"width\":\"205px\",\"height\":\"auto\",\"sizeSlug\":\"full\",\"linkDestination\":\"none\",\"align\":\"center\"} --><\/strong><\/h3>\n<h3><strong><!-- \/wp:image --><\/strong><\/h3>\n<h3><img loading=\"lazy\" decoding=\"async\" class=\"alignnone size-full wp-image-11135 aligncenter\" src=\"https:\/\/moraviaclinica.com\/wp-content\/uploads\/2025\/11\/moravia.png\" alt=\"\" width=\"220\" height=\"80\" \/><\/h3>\n<h3><strong><!-- wp:columns --><\/strong><\/h3>\n<h3><strong><!-- wp:column --><\/strong><\/h3>\n<div>\n<p style=\"text-align: center;\"><strong><!-- wp:paragraph {\"align\":\"center\",\"fontSize\":\"medium\"} --><\/strong><strong>Comunidad Terap\u00e9utica de Palermo S.A.<\/strong><\/p>\n\n<strong><!-- \/wp:paragraph --><\/strong><\/div>\n<strong><!-- \/wp:column --><\/strong>\n<h3><strong><!-- \/wp:columns --><\/strong><\/h3>\n<h3><\/h3>\n<h3><strong><!-- wp:paragraph {\"fontSize\":\"medium\"} --><\/strong><\/h3>\n<h3><strong>Pujol 1430\/32 Capital \u2013 Tel\u00e9fono: 4583-7779\/5535 4581-7739<\/strong><\/h3>\n<h3><strong><!-- \/wp:paragraph --><\/strong><\/h3>\n<h3><\/h3>\n<h3><strong><!-- wp:paragraph {\"fontSize\":\"medium\"} --><\/strong><\/h3>\n<h3><strong>Mail: moraviapujol1430kc@yahoo.com\u00a0<\/strong><\/h3>\n<h3><strong><!-- \/wp:paragraph --><\/strong><\/h3>\n<h3><\/h3>\n<h3><strong><!-- wp:paragraph {\"fontSize\":\"medium\"} --><\/strong><\/h3>\n<h3><strong>Buenos Aires, 15 de marzo del 2024<\/strong><\/h3>\n<h3><strong><!-- \/wp:paragraph --><\/strong><\/h3>\n<h3><\/h3>\n<h3><strong><!-- wp:paragraph {\"fontSize\":\"medium\"} --><\/strong><\/h3>\n<h3><strong>En el a\u00f1o 1982 se inicia, lo que a la postre resultar\u00eda, en un cambio sustancial de los m\u00e9todos y estructuras encargadas de la salud mental en la Argentina.<\/strong><\/h3>\n<h3><strong><!-- \/wp:paragraph --><\/strong><\/h3>\n<h3><\/h3>\n<h3><strong><!-- wp:paragraph {\"fontSize\":\"medium\"} --><\/strong><\/h3>\n<h3><strong>El PAMI implementa el plan PAP Plan de Asistencia Psiqui\u00e1trica, y logra con ello abrir el juego de la atenci\u00f3n institucional en psiquiatr\u00eda, a una joven camada de profesionales imbuidos de la convicci\u00f3n de que las internaciones prolongadas y el aislamiento de los pacientes psiqui\u00e1tricos pod\u00edan y deb\u00eda evitarse.<\/strong><\/h3>\n<h3><strong><!-- \/wp:paragraph --><\/strong><\/h3>\n<h3><\/h3>\n<h3><strong><!-- wp:paragraph {\"fontSize\":\"medium\"} --><\/strong><\/h3>\n<h3><strong>Un grupo de profesionales, por entonces j\u00f3venes, se nuclean alrededor del proyecto de Cl\u00ednica Moravia, que se inicia con un Centro de atenci\u00f3n ambulatoria y de Hospital de D\u00eda en la esquina de las calles Giribone y Estomba de Villa Ortuza , Capital Federal, en octubre de 1983.<\/strong><\/h3>\n<h3><strong><!-- \/wp:paragraph --><\/strong><\/h3>\n<h3><\/h3>\n<h3><strong><!-- wp:paragraph {\"fontSize\":\"medium\"} --><\/strong><\/h3>\n<h3><strong>Nuestro origen, no proveniente de la psiquiatr\u00eda tradicional, se basa desde un principio en la formaci\u00f3n de equipos multidisciplinarios y tratamientos combinados para el abordaje de la patolog\u00eda de la salud mental.<\/strong><\/h3>\n<h3><strong><!-- \/wp:paragraph --><\/strong><\/h3>\n<h3><\/h3>\n<h3><strong><!-- wp:paragraph {\"fontSize\":\"medium\"} --><\/strong><\/h3>\n<h3><strong>Cont\u00e1bamos por entonces, con una gama de teor\u00edas psicol\u00f3gicas asistenciales, que deb\u00edan agiornarse a las caracter\u00edsticas que el plan propon\u00eda y que iban desde la conductual y lo neurobiol\u00f3gico hasta las terapias breves psicoanal\u00edticas, pasando por la psicoterapia de roles que centraban el accionar en la familia.<\/strong><\/h3>\n<h3><strong><!-- \/wp:paragraph --><\/strong><\/h3>\n<h3><\/h3>\n<h3><strong><!-- wp:paragraph {\"fontSize\":\"medium\"} --><\/strong><\/h3>\n<h3><strong>La industria farmacol\u00f3gica fue acompa\u00f1ando este proceso con los antipsic\u00f3ticos at\u00edpicos, que fueron avanzando desde la Clozapina hasta la Quetiapina, generando la base instrumental, sobre la cual asentar la externacion r\u00e1pida y los tratamientos alternativos a la misma; hospital de d\u00eda, terapias ambulatorias y domiciliarias, que hasta entonces no ten\u00edan el sost\u00e9n financiero que el pa\u00eds le brind\u00f3.<\/strong><\/h3>\n<h3><strong><!-- \/wp:paragraph --><\/strong><\/h3>\n<h3><\/h3>\n<h3><strong><!-- wp:paragraph {\"fontSize\":\"medium\"} --><\/strong><\/h3>\n<h3><strong>El cambio implic\u00f3 la p\u00e9rdida del monopolio de los grandes nosocomios, que a la larga para subsistir, tuvieron que adaptarse e integrarse al desarrollo de esta pol\u00edtica.<\/strong><\/h3>\n<h3><strong><!-- \/wp:paragraph --><\/strong><\/h3>\n<h3><\/h3>\n<h3><strong><!-- wp:paragraph {\"fontSize\":\"medium\"} --><\/strong><\/h3>\n<h3><strong>La consecuencia directa se orient\u00f3 en dos direcciones, por un lado se redujeron notablemente las internaciones prolongadas y la cronificaci\u00f3n de los pacientes y por otro se gener\u00f3 en un conjunto de colegas, a ese entonces j\u00f3venes, la inquietud por desarrollar y mejorar instituciones de internaci\u00f3n peque\u00f1as, centradas en la agudizaci\u00f3n del paciente psiqui\u00e1trico y su externacion y continuidad de tratamiento ambulatorio, domiciliario y en los casos m\u00e1s graves a trav\u00e9s de los procesos de seminternacion, hospital de d\u00eda, Centro de d\u00eda, etc.<\/strong><\/h3>\n<h3><strong><!-- \/wp:paragraph --><\/strong><\/h3>\n<h3><strong><!-- wp:paragraph -->A ese primer, envi\u00f3n en la direcci\u00f3n correcta de la asistencia al paciente psiqui\u00e1trico, se sumaron luego como instrumentos id\u00f3neos que permitieron su extencion y desarrollo, la capitaci\u00f3n de agudos y cr\u00f3nicos efectuadas por el Instituto, seguidas por distintos m\u00e9todos por el resto de la gerenciadora de sistemas de salud y seguridad social en la argentina.<\/strong><\/h3>\n<h3><strong><!-- \/wp:paragraph --><\/strong><\/h3>\n<h3><\/h3>\n<h3><strong><!-- wp:paragraph {\"fontSize\":\"medium\"} --><\/strong><\/h3>\n<h3><strong>Los resultados hoy se encuentran a la vista, la reducci\u00f3n de internaciones psiqui\u00e1tricas solo en el instituto implico la supresi\u00f3n de casi tres de cada cuatro internaciones en el curso de veinte a\u00f1os. Lo que teniendo en cuenta el aumento significativo de la poblaci\u00f3n asistida, significo un gran cambio<\/strong><\/h3>\n<h3><strong><!-- \/wp:paragraph --><\/strong><\/h3>\n<h3><\/h3>\n<h3><strong><!-- wp:paragraph {\"fontSize\":\"medium\"} --><\/strong><\/h3>\n<h3><strong>En ese periodo el Pami vuelve a innovar creando la modalidad RAMP (residencia adultos mayores con asistencia psicogeriatr\u00eda), permitiendo albergar en instituciones especializadas de puertas abiertas, a los pacientes con alta psiqui\u00e1trica, que por problemas sociales, quedaban retenidos en las cl\u00ednicas.<\/strong><\/h3>\n<h3><strong><!-- \/wp:paragraph --><\/strong><\/h3>\n<h3><\/h3>\n<h3><strong><!-- wp:paragraph {\"fontSize\":\"medium\"} --><\/strong><\/h3>\n<h3><strong>Se permiti\u00f3 as\u00ed, a trav\u00e9s de esta modalidad, su paso a instituciones sociales de convivencia de puertas abiertas, mejorando sustancialmente su calidad de vida.<\/strong><\/h3>\n<h3><strong><!-- \/wp:paragraph --><\/strong><\/h3>\n<h3><\/h3>\n<h3><strong><!-- wp:paragraph {\"fontSize\":\"medium\"} --><\/strong><\/h3>\n<h3><strong>La invasi\u00f3n de los problemas sociales en la psiquiatr\u00eda encontraba all\u00ed una resoluci\u00f3n apta, pero solo aplicable a los pacientes mayores a los 60 a\u00f1os. El gran desaf\u00edo planteado desde entonces hasta hoy, consiste en resolver la cuesti\u00f3n social, de los residentes menores de 60 a\u00f1os con alta psiqui\u00e1trica, retenidos en la cl\u00ednica por falta de un dispositivo adecuado para su externacion, cuando el sost\u00e9n familiar es escaso o inexistente.<\/strong><\/h3>\n<h3><strong><!-- \/wp:paragraph --><\/strong><\/h3>\n<h3><\/h3>\n<h3><strong><!-- wp:paragraph {\"fontSize\":\"medium\"} --><\/strong><\/h3>\n<h3><strong>Nuevamente el Pami en su car\u00e1cter de responsable de la mayor parte de los paciente cr\u00f3nicos, de cualquier edad, a trav\u00e9s de la jubilaci\u00f3n anticipada o la pensi\u00f3n a la discapacidad. Volvi\u00f3 a enfrentar este desaf\u00edo estimulando a los prestadores a la creaci\u00f3n del MIC (Modulo de integraci\u00f3n Comunitaria).<\/strong><\/h3>\n<h3><strong><!-- \/wp:paragraph --><\/strong><\/h3>\n<h3><\/h3>\n<h3><strong><!-- wp:paragraph {\"fontSize\":\"medium\"} --><\/strong><\/h3>\n<h3><strong>Con el paso de los a\u00f1os y con 40 a\u00f1os de experiencia, nuestra actividad se fue ampliando, basada siempre en los mismos conceptos, incorporando a la nueva sede de atenci\u00f3n ambulatoria, y hospital de d\u00eda, nuestra cl\u00ednica de internaci\u00f3n psiqui\u00e1trica aguda, y en los \u00faltimos a\u00f1os dos viviendas protegidas o M\u00f3dulos de integraci\u00f3n comunitarios, donde se encuentran pacientes compensados, que por problemas sociales o familiares necesitan la contenci\u00f3n de un dispositivo autogestivo dirigidos a fortalecer su integraci\u00f3n en la comunidad.<\/strong><\/h3>\n<h3><strong><!-- \/wp:paragraph --><\/strong><\/h3>\n<h3><\/h3>\n<h3><strong><!-- wp:paragraph {\"fontSize\":\"medium\"} --><\/strong><\/h3>\n<h3><strong>Con el nuevo plan de Salud mental implementado por el Instituto, se desarrollaron de parte de cl\u00ednica Moravia, en aras de adaptarse a\u00fan m\u00e1s a la nueva ley de salud mental y al desarrollo del plan, las siguientes innovaciones:<\/strong><\/h3>\n<h3><strong><!-- \/wp:paragraph --><\/strong><\/h3>\n<h3><\/h3>\n<h3><strong><!-- wp:list --><\/strong><\/h3>\n<ul>\n \t<li style=\"list-style-type: none;\">\n<ul><!-- wp:list-item {\"fontSize\":\"medium\"} -->\n \t<li>\n<h3><strong>Desarrollo de planificaciones individualizadas para cada paciente cr\u00f3nico alojado en la cl\u00ednica de internaci\u00f3n o en las viviendas protegidas tendientes a lograr en la medida de sus posibilidades la readaptaci\u00f3n social.<\/strong><\/h3>\n<\/li>\n<!-- \/wp:list-item -->\r\n\n<!-- wp:list-item {\"fontSize\":\"medium\"} -->\n \t<li>\n<h3><strong>Implementaci\u00f3n de talleres y actividades ampliadas a la comunidad referidas a prevenci\u00f3n de patolog\u00edas psiqui\u00e1tricas y\/o consecuencias del uso de medicaci\u00f3n especifica como por ejemplo: talleres de memoria, detallar, talleres de baile, talleres de salidas grupales a lugares de interacci\u00f3n con la comunidad ( A que lugares se fue ), talleres abiertos a la comunidad para la pr\u00e1ctica de actividades de educaci\u00f3n f\u00edsica en clubes de barrio por ejemplo (A que lugares se fue ) integraci\u00f3n a la Red social de salud mental barrial (detallar cuales)<\/strong><\/h3>\n<\/li>\n<!-- \/wp:list-item -->\r\n\n<!-- wp:list-item {\"fontSize\":\"medium\"} -->\n \t<li>\n<h3><strong>Disminuci\u00f3n de la cantidad de internaciones cr\u00f3nicas.<\/strong><\/h3>\n<\/li>\n<!-- \/wp:list-item -->\r\n\n<!-- wp:list-item {\"fontSize\":\"medium\"} -->\n \t<li>\n<h3><strong>Dificultades con las que nos encontramos para continuar con el desarrollo del modelo.<\/strong><\/h3>\n<\/li>\n<!-- \/wp:list-item -->\r\n\n<!-- wp:list-item {\"fontSize\":\"medium\"} -->\n \t<li>\n<h3><strong>Dificultad y r\u00e9mora en las derivaciones de pacientes cr\u00f3nicos compensados a instituciones geri\u00e1tricas o de discapacidad\u00bf, que ostentan retrasos de varios meses, manteniendo a los pacientes en un r\u00e9gimen restrictivo, iatrog\u00e9nico y con d\u00e9ficit en su calidad de vida<\/strong><\/h3>\n<\/li>\n<!-- \/wp:list-item -->\r\n\n<!-- wp:list-item {\"fontSize\":\"medium\"} -->\n \t<li>\n<h3><strong>Incompatibilidad entre las autoridades del Instituto, autoridades nacionales y municipales para facilitar la habilitaci\u00f3n de nuevas viviendas asistidas<\/strong><\/h3>\n<\/li>\n<!-- \/wp:list-item -->\r\n\n<!-- wp:list-item {\"fontSize\":\"medium\"} -->\n \t<li>\n<h3><strong>Falta de implementaci\u00f3n de un sistema compartido con el Instituto a fin de ayudar a reintegrar al paciente compensado a su medio familiar ante la negativa del mismo<\/strong><\/h3>\n<\/li>\n<!-- \/wp:list-item -->\r\n\n<!-- wp:list-item {\"fontSize\":\"medium\"} -->\n \t<li>\n<h3><strong>Dificultades sociales a vencer en estructuras conjuntas con el Instituto, la municipalidad y la naci\u00f3n para lograr insertar a los pacientes compensados en el \u00e1mbito laboral.<\/strong><\/h3>\n<\/li>\n<\/ul>\n<\/li>\n<\/ul>\n<h3><strong><!-- \/wp:list-item --><\/strong><\/h3>\n<h3><strong><!-- \/wp:list --><\/strong><\/h3>\n<h3><\/h3>[\/vc_column_text][vc_single_image image=&#8221;11135&#8243; img_size=&#8221;medium&#8221; alignment=&#8221;center&#8221; css=&#8221;&#8221;][\/vc_column][\/vc_row][vc_row][vc_column][vc_column_text css=&#8221;&#8221;]<h1><strong>Desmelancolizar<\/strong><\/h1>\n<p class=\"p1\"><img loading=\"lazy\" decoding=\"async\" class=\" wp-image-11298 aligncenter\" src=\"https:\/\/moraviaclinica.com\/wp-content\/uploads\/2025\/11\/desmelancolizador-300x200.jpg\" alt=\"\" width=\"575\" height=\"383\" srcset=\"https:\/\/moraviaclinica.com\/wp-content\/uploads\/2025\/11\/desmelancolizador-300x200.jpg 300w, https:\/\/moraviaclinica.com\/wp-content\/uploads\/2025\/11\/desmelancolizador-768x512.jpg 768w, https:\/\/moraviaclinica.com\/wp-content\/uploads\/2025\/11\/desmelancolizador-1536x1025.jpg 1536w, https:\/\/moraviaclinica.com\/wp-content\/uploads\/2025\/11\/desmelancolizador.jpg 1920w\" sizes=\"auto, (max-width: 575px) 100vw, 575px\" \/><\/p>\n\n<h2><strong>Dr. Gregorio Dunayevich<\/strong><\/h2>\n<h2><strong>En este trabajo vamos a continuar otro anterior (Dunayevich, Gregorio 2010) (1) en donde nos referimos a las situaciones de acoso moral, tanto en el trabajo como en los \u00e1mbitos de estudio, y asimismo en el \u00e1rea familiar.&nbsp;<\/strong><\/h2>\n<h2>Enlace:<\/h2>\n<h2><a href=\"https:\/\/moraviaclinica.com\/wp-content\/uploads\/2025\/11\/Desmelancolizar.pdf\">Desmelancolizar<\/a><\/h2>[\/vc_column_text][\/vc_column][\/vc_row][vc_row][vc_column][vc_column_text css=&#8221;&#8221;]<h1><strong>De esto no se habla, un tab\u00fa psicoanal\u00edtico<\/strong><\/h1>\n<h3 class=\"p1\"><img loading=\"lazy\" decoding=\"async\" class=\"wp-image-11301 aligncenter\" src=\"https:\/\/moraviaclinica.com\/wp-content\/uploads\/2025\/11\/Bullying-300x169.jpg\" alt=\"\" width=\"666\" height=\"375\" srcset=\"https:\/\/moraviaclinica.com\/wp-content\/uploads\/2025\/11\/Bullying-300x169.jpg 300w, https:\/\/moraviaclinica.com\/wp-content\/uploads\/2025\/11\/Bullying-768x432.jpg 768w, https:\/\/moraviaclinica.com\/wp-content\/uploads\/2025\/11\/Bullying.jpg 860w\" sizes=\"auto, (max-width: 666px) 100vw, 666px\" \/><\/h3>\n<h3>&nbsp;<\/h3>\n<h2 class=\"p1\">Dr. Gregorio Dunayevich<\/h2>\n<h2 class=\"p1\">Cuando recibimos un paciente en el consultorio, nos encontramos con un relato. A qu\u00e9 clase de realidad pertenece este relato? Sabemos porque lo hemos estudiado y lo comprobamos cotidianamente, que pertenece a la realidad ps\u00edquica&#8230;<\/h2>\n<h2>Enlace:<\/h2>\n<h2><a href=\"https:\/\/moraviaclinica.com\/wp-content\/uploads\/2025\/11\/De-esto-no-se-habla.pdf\">De-esto-no-se-habla<\/a><\/h2>[\/vc_column_text][vc_column_text css=&#8221;&#8221;]<h2 class=\"p1\">Freud y lo contempor\u00e1neo\n<img loading=\"lazy\" decoding=\"async\" class=\"alignnone wp-image-11319\" src=\"https:\/\/moraviaclinica.com\/wp-content\/uploads\/2025\/12\/Freud-o-lo-contemporaneo-300x169.jpg\" alt=\"\" width=\"816\" height=\"460\" srcset=\"https:\/\/moraviaclinica.com\/wp-content\/uploads\/2025\/12\/Freud-o-lo-contemporaneo-300x169.jpg 300w, https:\/\/moraviaclinica.com\/wp-content\/uploads\/2025\/12\/Freud-o-lo-contemporaneo-768x432.jpg 768w, https:\/\/moraviaclinica.com\/wp-content\/uploads\/2025\/12\/Freud-o-lo-contemporaneo.jpg 860w\" sizes=\"auto, (max-width: 816px) 100vw, 816px\" \/>\nLic. Horacio Manfredi<\/h2>\n<h2 class=\"p1\">Podemos establecer una diferencia entre el discurso del<\/h2>\n<h2 class=\"p1\">Psicoan\u00e1lisis como estructura discursiva y la pr\u00e1ctica del psicoanalista que re\u00fane los saberes doctrinarios.<\/h2>\n&nbsp;\n<h3><strong>Enlace:<\/strong><\/h3>\n<h2><a href=\"https:\/\/moraviaclinica.com\/wp-content\/uploads\/2025\/12\/TRABAJO-para-la-jornada-del-24-de-octubre-FREUD-Y-LO-CONTEMPORANEO-\u00bfQUE-PRACTICA.doc\">TRABAJO-para-la-jornada-del-24-de-octubre-FREUD-Y-LO-CONTEMPORANEO-\u00bfQUE\u0301-PRA\u0301CTICA<\/a><\/h2>[\/vc_column_text][vc_column_text css=&#8221;&#8221;]<h1><strong>La operaci\u00f3n del mito en la cl\u00ednica<\/strong><\/h1>\n<h2 class=\"p1\"><img loading=\"lazy\" decoding=\"async\" class=\"alignnone wp-image-11322\" src=\"https:\/\/moraviaclinica.com\/wp-content\/uploads\/2025\/12\/WhatsApp-Image-2025-12-04-at-14.47.21-300x191.jpeg\" alt=\"\" width=\"580\" height=\"369\" srcset=\"https:\/\/moraviaclinica.com\/wp-content\/uploads\/2025\/12\/WhatsApp-Image-2025-12-04-at-14.47.21-300x191.jpeg 300w, https:\/\/moraviaclinica.com\/wp-content\/uploads\/2025\/12\/WhatsApp-Image-2025-12-04-at-14.47.21-768x489.jpeg 768w, https:\/\/moraviaclinica.com\/wp-content\/uploads\/2025\/12\/WhatsApp-Image-2025-12-04-at-14.47.21.jpeg 1117w\" sizes=\"auto, (max-width: 580px) 100vw, 580px\" \/><\/h2>\n<h2 class=\"p1\">L<strong>ic. Horacio Manfredi<\/strong><\/h2>\n<h2 class=\"p1\"><strong>El siguiente trabajo se inscribe en el marco de la teor\u00eda psicoanal\u00edtica y forma parte de las elaboraciones que se realizaron dentro del Proyecto de Investigaci\u00f3n 2012-2014: a cargo del Prof. Horacio Manfredi.<\/strong><\/h2>\n&nbsp;\n<h3><strong>Enlace:<\/strong><\/h3>\n<h2><strong><a href=\"https:\/\/moraviaclinica.com\/wp-content\/uploads\/2025\/12\/TRABAJO-JORNADAS-DE-INVESTIGACION-FACULTAD-2014-1.doc\">TRABAJO-JORNADAS-DE-INVESTIGACION-FACULTAD-2014-1<\/a><\/strong><\/h2>[\/vc_column_text][vc_column_text css=&#8221;&#8221;]<h1><strong>El Goce<\/strong><\/h1>\n&nbsp;\n\n<img loading=\"lazy\" decoding=\"async\" class=\"alignnone wp-image-11325\" src=\"https:\/\/moraviaclinica.com\/wp-content\/uploads\/2025\/12\/el-goce-300x169.jpg\" alt=\"\" width=\"573\" height=\"323\" srcset=\"https:\/\/moraviaclinica.com\/wp-content\/uploads\/2025\/12\/el-goce-300x169.jpg 300w, https:\/\/moraviaclinica.com\/wp-content\/uploads\/2025\/12\/el-goce-768x432.jpg 768w, https:\/\/moraviaclinica.com\/wp-content\/uploads\/2025\/12\/el-goce.jpg 860w\" sizes=\"auto, (max-width: 573px) 100vw, 573px\" \/>\n<h2 class=\"p1\"><strong>Lic. Horacio Manfredi<\/strong><\/h2>\n<h2 class=\"p1\"><strong>Hay un giro en las presentaciones sintom\u00e1ticas en la cl\u00ednica actual. Los s\u00edntomas y las cl\u00e1sicas formaciones de lo inconsciente frecuentemente son reemplazadas por una presencia del cuerpo, a trav\u00e9s de actings y pasajes al acto.&nbsp;<\/strong><\/h2>\n<h2>Enlace:<\/h2>\n<h2><a href=\"https:\/\/moraviaclinica.com\/wp-content\/uploads\/2025\/12\/TRABAJO-CONGRESO-FACULTAD-DE-PSICOLOGIA-2013-1.pdf\">TRABAJO-CONGRESO-FACULTAD-DE-PSICOLOGIA-2013-1<\/a><\/h2>[\/vc_column_text][vc_column_text css=&#8221;&#8221;]<h1><strong>Del asilo al desierto<\/strong> <img loading=\"lazy\" decoding=\"async\" class=\"alignnone  wp-image-11328\" src=\"https:\/\/moraviaclinica.com\/wp-content\/uploads\/2025\/12\/WhatsApp-Image-2025-12-11-at-14.39.48-300x300.jpeg\" alt=\"\" width=\"389\" height=\"389\" srcset=\"https:\/\/moraviaclinica.com\/wp-content\/uploads\/2025\/12\/WhatsApp-Image-2025-12-11-at-14.39.48-300x300.jpeg 300w, https:\/\/moraviaclinica.com\/wp-content\/uploads\/2025\/12\/WhatsApp-Image-2025-12-11-at-14.39.48-600x600.jpeg 600w, https:\/\/moraviaclinica.com\/wp-content\/uploads\/2025\/12\/WhatsApp-Image-2025-12-11-at-14.39.48-150x150.jpeg 150w, https:\/\/moraviaclinica.com\/wp-content\/uploads\/2025\/12\/WhatsApp-Image-2025-12-11-at-14.39.48-768x768.jpeg 768w, https:\/\/moraviaclinica.com\/wp-content\/uploads\/2025\/12\/WhatsApp-Image-2025-12-11-at-14.39.48-1536x1536.jpeg 1536w, https:\/\/moraviaclinica.com\/wp-content\/uploads\/2025\/12\/WhatsApp-Image-2025-12-11-at-14.39.48-85x85.jpeg 85w, https:\/\/moraviaclinica.com\/wp-content\/uploads\/2025\/12\/WhatsApp-Image-2025-12-11-at-14.39.48-500x500.jpeg 500w, https:\/\/moraviaclinica.com\/wp-content\/uploads\/2025\/12\/WhatsApp-Image-2025-12-11-at-14.39.48-400x400.jpeg 400w, https:\/\/moraviaclinica.com\/wp-content\/uploads\/2025\/12\/WhatsApp-Image-2025-12-11-at-14.39.48.jpeg 1599w\" sizes=\"auto, (max-width: 389px) 100vw, 389px\" \/><\/h1>\n<h2 class=\"p1\"><strong>Dr. David Alfie, Dr. Eduardo Teper y Lic. Mar\u00eda Gabriela Garrido.\nEn el a\u00f1o 1982 se inicia lo que a la postre resultar\u00eda en un cambio sustancial de los m\u00e9todos y las estructuras encargadas de la salud mental en la Argentina.&nbsp;<\/strong><\/h2>\n<h2>Enlace:<\/h2>\n<h2><a href=\"https:\/\/moraviaclinica.com\/wp-content\/uploads\/2025\/12\/DEL-ASILO-AL-DESIERTO-CORREGIDO-1.doc\">DEL-ASILO-AL-DESIERTO-CORREGIDO-1<\/a><\/h2>[\/vc_column_text][vc_column_text css=&#8221;&#8221;]<h1>\u00bfC\u00f3mo mejorar la salud p\u00fablica?<\/h1>\n<img loading=\"lazy\" decoding=\"async\" class=\"alignnone wp-image-11331\" src=\"https:\/\/moraviaclinica.com\/wp-content\/uploads\/2025\/12\/Salud-publica-300x169.jpg\" alt=\"\" width=\"538\" height=\"303\" srcset=\"https:\/\/moraviaclinica.com\/wp-content\/uploads\/2025\/12\/Salud-publica-300x169.jpg 300w, https:\/\/moraviaclinica.com\/wp-content\/uploads\/2025\/12\/Salud-publica-768x432.jpg 768w, https:\/\/moraviaclinica.com\/wp-content\/uploads\/2025\/12\/Salud-publica.jpg 860w\" sizes=\"auto, (max-width: 538px) 100vw, 538px\" \/>\n<h2 class=\"p1\"><strong>Dr. Hugo E. Arce (Diario Clar\u00edn)<\/strong><\/h2>\n<h2 class=\"p1\"><strong>Nuestra red de servicios de salud podr\u00eda describirse como un conjunto de establecimientos p\u00fablicos y privados, administrados por 24 jurisdicciones estatales, que se ocupan adem\u00e1s de programas preventivos.<\/strong><\/h2>\n<h2>Enlace:<\/h2>\n<h2><a href=\"https:\/\/moraviaclinica.com\/wp-content\/uploads\/2025\/12\/mejorar-salud-publica_0_ryTig_Pb-.html\">mejorar-salud-publica_0_ryTig_Pb-<\/a><\/h2>[\/vc_column_text][vc_column_text css=&#8221;&#8221;]<h1><strong>El enfoque de la salud mental en Clinica Moravia<\/strong><\/h1>\n<img loading=\"lazy\" decoding=\"async\" class=\"alignnone  wp-image-11335\" src=\"https:\/\/moraviaclinica.com\/wp-content\/uploads\/2025\/12\/Enfoque-de-la-salud-mental-300x169.jpg\" alt=\"\" width=\"476\" height=\"268\" srcset=\"https:\/\/moraviaclinica.com\/wp-content\/uploads\/2025\/12\/Enfoque-de-la-salud-mental-300x169.jpg 300w, https:\/\/moraviaclinica.com\/wp-content\/uploads\/2025\/12\/Enfoque-de-la-salud-mental-768x432.jpg 768w, https:\/\/moraviaclinica.com\/wp-content\/uploads\/2025\/12\/Enfoque-de-la-salud-mental.jpg 860w\" sizes=\"auto, (max-width: 476px) 100vw, 476px\" \/>\n<h2 class=\"p1\"><strong>Dr. Gregorio Dunayevich<\/strong><\/h2>\n<h2 class=\"p1\"><strong>Corr\u00edan los a\u00f1os &#8217;90 cuando entre nuestros invitados a dar conferencias en el ciclo de Investigaci\u00f3n y Docencia de Cl\u00ednica<\/strong><\/h2>\n<h2 class=\"p1\"><strong>Moravia, contamos con la presencia del Profesor Jorge Garc\u00eda Badaracco.<\/strong><\/h2>\n<h2>Enlace:<\/h2>\n<h2><a href=\"https:\/\/moraviaclinica.com\/wp-content\/uploads\/2025\/12\/El-enfoque-de-la-salud-mental-de-Clinica-Moravi1-1.docx\">El-enfoque-de-la-salud-mental-de-Cli\u0301nica-Moravi1-1<\/a><\/h2>[\/vc_column_text][\/vc_column][\/vc_row][vc_row][vc_column][vc_column_text css=&#8221;&#8221;]<h1 class=\"p1\">La psicosis en la comunidad<\/h1>\n<h2 class=\"p1\"><img loading=\"lazy\" decoding=\"async\" class=\"alignnone size-medium wp-image-11339\" src=\"https:\/\/moraviaclinica.com\/wp-content\/uploads\/2025\/12\/psicosis-300x210.jpg\" alt=\"\" width=\"300\" height=\"210\" srcset=\"https:\/\/moraviaclinica.com\/wp-content\/uploads\/2025\/12\/psicosis-300x210.jpg 300w, https:\/\/moraviaclinica.com\/wp-content\/uploads\/2025\/12\/psicosis-768x536.jpg 768w, https:\/\/moraviaclinica.com\/wp-content\/uploads\/2025\/12\/psicosis-1000x695.jpg 1000w, https:\/\/moraviaclinica.com\/wp-content\/uploads\/2025\/12\/psicosis.jpg 1200w\" sizes=\"auto, (max-width: 300px) 100vw, 300px\" \/><\/h2>\n<h2>Enlace:<\/h2>\n<h2><a href=\"https:\/\/moraviaclinica.com\/wp-content\/uploads\/2025\/12\/La-psicosis-en-la-comunidad.pdf\">La-psicosis-en-la-comunidad<\/a><\/h2>[\/vc_column_text][vc_video link=&#8221;https:\/\/www.youtube.com\/watch?v=OmZ0YlSb-Fk&#8221; css=&#8221;&#8221; title=&#8221;ARTE y SUICIDIO, Cap\u00edtulo 01 &#8211; El Club de los 27 y otros casos&#8221;][vc_video link=&#8221;https:\/\/www.youtube.com\/watch?v=rN9lwNy6b9Q&#8221; css=&#8221;&#8221; title=&#8221;ARTE y SUICIDIO, Cap\u00edtulo 20 &#8211; Keith Moon: Genialidad, Narcisismo y Excesos&#8221;][\/vc_column][\/vc_row][vc_row][vc_column][vc_video link=&#8221;https:\/\/www.youtube.com\/watch?v=OmZ0YlSb-Fk&#8221; css=&#8221;&#8221; title=&#8221;ARTE y SUICIDIO, Cap\u00edtulo 01 &#8211; El Club de los 27 y otros casos&#8221;][\/vc_column][\/vc_row][vc_row][vc_column][vc_video link=&#8221;https:\/\/www.youtube.com\/watch?v=0caK-LgfpA8&#8243; title=&#8221;ARTE y SUICIDIO, Cap\u00edtulo 02 Del \u00e9xito a la muerte&#8221;][\/vc_column][\/vc_row][vc_row][vc_column][vc_video link=&#8221;https:\/\/www.youtube.com\/watch?v=T3O3Ad1QTBo&#8221; title=&#8221;ARTE y SUICIDIO, Cap\u00edtulo 03 Cualquiera puede ser un suicida&#8221;][\/vc_column][\/vc_row][vc_row][vc_column][vc_video link=&#8221;https:\/\/www.youtube.com\/watch?v=BAWSqxGyyUA&#8221; title=&#8221;ARTE y SUICIDIO, Cap\u00edtulo 04 Sigmund Freud, Eros y T\u00e1natos&#8221;][\/vc_column][\/vc_row][vc_row][vc_column][vc_video link=&#8221;https:\/\/www.youtube.com\/watch?v=QDuaW3vxiu4&#8243; title=&#8221;ARTE y SUICIDIO, Cap\u00edtulo 05 La Disforia del Artista&#8221;][\/vc_column][\/vc_row][vc_row][vc_column][vc_video link=&#8221;https:\/\/www.youtube.com\/watch?v=ULKHljaSq88&#8243; css=&#8221;&#8221; title=&#8221;ARTE y SUICIDIO, Cap\u00edtulo 06 La Pulsi\u00f3n de Muerte Marcando L\u00edmites&#8221;][\/vc_column][\/vc_row][vc_row][vc_column][vc_video link=&#8221;https:\/\/www.youtube.com\/watch?v=LM6tKMq-COA&#038;rco=1&#8243; css=&#8221;&#8221; title=&#8221;ARTE y SUICIDIO, Cap\u00edtulo 07 Impulsos Destructivos hacia otros, o hacia uno mismo&#8221;][\/vc_column][\/vc_row][vc_row][vc_column][vc_video link=&#8221;https:\/\/www.youtube.com\/watch?v=1hjWBuzJ-7g&#038;rco=1&#8243; css=&#8221;&#8221; title=&#8221;ARTE y SUICIDIO, Cap\u00edtulo 08 El Baj\u00f3n en la Vida Cotidiana Del Todo a la Nada&#8221;][\/vc_column][\/vc_row][vc_row][vc_column][vc_video link=&#8221;https:\/\/www.youtube.com\/watch?v=4-oosG_TSD4&#8243; css=&#8221;&#8221; title=&#8221;ARTE y SUICIDIO, Cap\u00edtulo 10 Primer An\u00e1lisis de AVICII&#8221;][\/vc_column][\/vc_row][vc_row][vc_column][vc_video link=&#8221;https:\/\/www.youtube.com\/watch?v=Vj60ihKqWkg&#8221; css=&#8221;&#8221; title=&#8221;ARTE y SUICIDIO, Cap\u00edtulo 11 Segundo An\u00e1lisis de AVICII&#8221;][\/vc_column][\/vc_row][vc_row][vc_column][vc_video link=&#8221;https:\/\/www.youtube.com\/watch?v=hZ6jzSxYuFA&#8221; css=&#8221;&#8221; title=&#8221;ARTE y SUICIDIO, Cap\u00edtulo 12 Autodestrucci\u00f3n y Muerte al Enemigo&#8221;][\/vc_column][\/vc_row][vc_row][vc_column][vc_video link=&#8221;https:\/\/www.youtube.com\/watch?v=yAet0eNwl7M&#8221; css=&#8221;&#8221; title=&#8221;ARTE y SUICIDIO, Cap\u00edtulo 13 Come Down Puerta de entrada a la droga&#8221;][\/vc_column][\/vc_row][vc_row][vc_column][vc_video link=&#8221;https:\/\/www.youtube.com\/watch?v=F7c3jmcHtww&#8221; css=&#8221;&#8221; title=&#8221;ARTE y SUICIDIO, Cap\u00edtulo 14 La Negaci\u00f3n a Ser Feliz&#8221;][\/vc_column][\/vc_row][vc_row][vc_column][vc_video link=&#8221;https:\/\/www.youtube.com\/watch?v=x3HHwyKPLuI&#8221; css=&#8221;&#8221; title=&#8221;ARTE y SUICIDIO, Cap\u00edtulo 15 \u00bfPodemos Cuidar a Nuestros Genios?&#8221;][\/vc_column][\/vc_row][vc_row][vc_column][vc_video link=&#8221;https:\/\/www.youtube.com\/watch?v=uHcWjgLqbdg&#8221; css=&#8221;&#8221; title=&#8221;ARTE y SUICIDIO, Cap\u00edtulo 16 \u00bfCu\u00e1ntas realidades existen en la vida?&#8221;][\/vc_column][\/vc_row][vc_row][vc_column][vc_video link=&#8221;https:\/\/www.youtube.com\/watch?v=2J_q4zrU8XU&#8221; css=&#8221;&#8221; title=&#8221;ARTE y SUICIDIO, Cap\u00edtulo 18: Segundo an\u00e1lisis de Kurt Cobain&#8221;][\/vc_column][\/vc_row][vc_row][vc_column][vc_video link=&#8221;https:\/\/www.youtube.com\/watch?v=MXso6irbg04&#8243; css=&#8221;&#8221; title=&#8221;ARTE y SUICIDIO, Cap\u00edtulo 19: BRIAN JONES, Drogas, Alcohol, Narcisismo y Muerte&#8221;][\/vc_column][\/vc_row][vc_row][vc_column][vc_video link=&#8221;https:\/\/www.youtube.com\/watch?v=rN9lwNy6b9Q&#8221; css=&#8221;&#8221; title=&#8221;ARTE y SUICIDIO, Cap\u00edtulo 20 &#8211; Keith Moon: Genialidad, Narcisismo y Excesos&#8221;][\/vc_column][\/vc_row][vc_row][vc_column][vc_video link=&#8221;https:\/\/www.youtube.com\/watch?v=-XGR6em0ZFQ&#8221; css=&#8221;&#8221; title=&#8221;ARTE y SUICIDIO, Cap\u00edtulo 21 &#8211; Drogas y Alcohol: haci\u00e9ndole trampa a la realidad&#8221;][\/vc_column][\/vc_row][vc_row][vc_column][vc_video link=&#8221;https:\/\/www.youtube.com\/watch?v=iRxahNkUkMs&#8221; css=&#8221;&#8221; title=&#8221;ARTE y SUICIDIO, Cap\u00edtulo 22 &#8211; \u00bfEstamos preparados para soportar la felicidad?&#8221;][\/vc_column][\/vc_row][vc_row][vc_column][vc_video link=&#8221;https:\/\/www.youtube.com\/watch?v=0yVWKXkd4k8&#8243; css=&#8221;&#8221; title=&#8221;ARTE y SUICIDIO, Cap\u00edtulo 23: Amy Winehouse del r\u00e1pido \u00e9xito, al triste final&#8221;][\/vc_column][\/vc_row][vc_row][vc_column][\/vc_column][\/vc_row]<\/div>","protected":false},"excerpt":{"rendered":"<p>[vc_row][vc_column][vc_single_image image=&#8221;11280&#8243; img_size=&#8221;large&#8221; alignment=&#8221;center&#8221;][vc_column_text css=&#8221;&#8221;] &nbsp; &nbsp; &nbsp; CARACTERISTICAS DESCRIPTIVAS DE LA INTERNACIONDE PACIENTES GERONTES EN UNA CLINICA &nbsp; Trabajo-Monografico-Clinica-MoraviaDescarga &nbsp; &nbsp; &nbsp; &nbsp; &nbsp; &nbsp; PROYECTO INSTITUCIONAL Comunidad Terap\u00e9utica de Palermo S.A. Pujol 1430\/32 Capital \u2013 Tel\u00e9fono: 4583-7779\/5535 4581-7739 Mail: moraviapujol1430kc@yahoo.com\u00a0 Buenos Aires, 15 de marzo del 2024 En el a\u00f1o 1982 se inicia, lo que a la postre&#8230;<\/p>\n","protected":false},"author":1,"featured_media":0,"parent":0,"menu_order":0,"comment_status":"closed","ping_status":"closed","template":"","meta":{"footnotes":""},"class_list":["post-11179","page","type-page","status-publish","hentry"],"_links":{"self":[{"href":"https:\/\/moraviaclinica.com\/index.php\/wp-json\/wp\/v2\/pages\/11179","targetHints":{"allow":["GET"]}}],"collection":[{"href":"https:\/\/moraviaclinica.com\/index.php\/wp-json\/wp\/v2\/pages"}],"about":[{"href":"https:\/\/moraviaclinica.com\/index.php\/wp-json\/wp\/v2\/types\/page"}],"author":[{"embeddable":true,"href":"https:\/\/moraviaclinica.com\/index.php\/wp-json\/wp\/v2\/users\/1"}],"replies":[{"embeddable":true,"href":"https:\/\/moraviaclinica.com\/index.php\/wp-json\/wp\/v2\/comments?post=11179"}],"version-history":[{"count":18,"href":"https:\/\/moraviaclinica.com\/index.php\/wp-json\/wp\/v2\/pages\/11179\/revisions"}],"predecessor-version":[{"id":11360,"href":"https:\/\/moraviaclinica.com\/index.php\/wp-json\/wp\/v2\/pages\/11179\/revisions\/11360"}],"wp:attachment":[{"href":"https:\/\/moraviaclinica.com\/index.php\/wp-json\/wp\/v2\/media?parent=11179"}],"curies":[{"name":"wp","href":"https:\/\/api.w.org\/{rel}","templated":true}]}}