{"id":11171,"date":"2025-11-14T12:31:40","date_gmt":"2025-11-14T15:31:40","guid":{"rendered":"https:\/\/moraviaclinica.com\/?page_id=11171"},"modified":"2025-11-19T16:35:30","modified_gmt":"2025-11-19T19:35:30","slug":"actividad-formativa","status":"publish","type":"page","link":"https:\/\/moraviaclinica.com\/index.php\/actividad-formativa\/","title":{"rendered":"ACTIVIDAD FORMATIVA"},"content":{"rendered":"<div class=\"wpb-content-wrapper\">[vc_row][vc_column][vc_single_image image=&#8221;11272&#8243; img_size=&#8221;large&#8221; alignment=&#8221;center&#8221; css=&#8221;&#8221;][vc_column_text css=&#8221;&#8221;]<p>&nbsp;<\/p>\n<p><!-- \/wp:post-content -->&nbsp;<\/p>\n<!-- wp:paragraph {\"align\":\"center\",\"fontSize\":\"large\"} -->\n<h3><strong>DOCENCIA E INVESTIGACI\u00d3N<\/strong><\/h3>\n<p>&nbsp;<\/p>\n<h3><strong><!-- \/wp:paragraph --><\/strong><\/h3>\n<h3><strong><!-- wp:paragraph --><\/strong><\/h3>\n<h3><strong><!-- \/wp:paragraph --><\/strong><\/h3>\n<h3><strong><!-- wp:paragraph --><\/strong><\/h3>\n<h3><strong><!-- \/wp:paragraph --><\/strong><\/h3>\n<h3><strong><!-- wp:image {\"id\":11455,\"width\":\"366px\",\"height\":\"auto\",\"sizeSlug\":\"large\",\"linkDestination\":\"none\",\"align\":\"center\"} --><\/strong><\/h3>\n<h3><strong><img decoding=\"async\" src=\"..\/wp-content\/uploads\/2025\/11\/5aeae0088e5f1-600x500.jpg\" alt=\"\"><\/strong><\/h3>\n<h3><strong><!-- \/wp:image --><\/strong><\/h3>\n<h3><strong><!-- wp:paragraph --><\/strong><\/h3>\n<h3><strong><!-- \/wp:paragraph --><\/strong><\/h3>\n<h3><strong><!-- wp:paragraph {\"style\":{\"typography\":{\"fontSize\":\"24px\"}}} --><\/strong><\/h3>\n<h3><strong>Cl\u00ednica Moravia desarrolla, desde sus comienzos, un espacio de intercambio, investigaci\u00f3n y docencia, en forma abierta, a todas las disciplinas, tendiendo siempre hacia la actualizaci\u00f3n de los profesionales, y a la conquista de los conocimientos m\u00e1s avanzados en la materia.<\/strong><\/h3>\n<h3><strong><!-- \/wp:paragraph --><\/strong><\/h3>\n<h3>&nbsp;<\/h3>\n<h3><strong><!-- wp:paragraph {\"style\":{\"typography\":{\"fontSize\":\"24px\"}}} --><\/strong><\/h3>\n<h3><strong>Con este fin, realizamos las siguientes&nbsp;actividades<\/strong><\/h3>\n<h3><strong><!-- \/wp:paragraph --><\/strong><\/h3>\n<h3>&nbsp;<\/h3>\n<h3><strong><!-- wp:list {\"fontSize\":\"large\"} --><\/strong><\/h3>\n<ul>\n<li style=\"list-style-type: none;\">\n<ul><!-- wp:list-item {\"style\":{\"typography\":{\"fontSize\":\"24px\"}}} -->\n<li>\n<h3><strong>Conferencias<\/strong><\/h3>\n<\/li>\n<!-- \/wp:list-item -->\n\n<!-- wp:list-item {\"style\":{\"typography\":{\"fontSize\":\"24px\"}}} -->\n<li>\n<h3><strong>Supervisiones<\/strong><\/h3>\n<\/li>\n<!-- \/wp:list-item -->\n\n<!-- wp:list-item {\"style\":{\"typography\":{\"fontSize\":\"24px\"}}} -->\n<li>\n<h3><strong>Jornadas<\/strong><\/h3>\n<\/li>\n<!-- \/wp:list-item -->\n\n<!-- wp:list-item {\"style\":{\"typography\":{\"fontSize\":\"24px\"}}} -->\n<li>\n<h3><strong>Congresos<\/strong><\/h3>\n<\/li>\n<!-- \/wp:list-item -->\n\n<!-- wp:list-item {\"style\":{\"typography\":{\"fontSize\":\"24px\"}}} -->\n<li>\n<h3><strong>Pasant\u00edas<\/strong><\/h3>\n<\/li>\n<\/ul>\n<\/li>\n<\/ul>\n<h3><strong><!-- \/wp:list-item --><\/strong><\/h3>\n<h3><strong><!-- \/wp:list --><\/strong><\/h3>\n<h3>&nbsp;<\/h3>\n<h3><strong><!-- wp:paragraph {\"style\":{\"typography\":{\"fontSize\":\"24px\"}}} --><\/strong><\/h3>\n<h3><strong>Nos han aportado, en este sentido,&nbsp;profesionales de distinguida trayectoria, como por ejemplo<\/strong><\/h3>\n<h3><strong><!-- \/wp:paragraph --><\/strong><\/h3>\n<h3>&nbsp;<\/h3>\n<h3><strong><!-- wp:list {\"fontSize\":\"large\"} --><\/strong><\/h3>\n<ul>\n<li style=\"list-style-type: none;\">\n<ul><!-- wp:list-item {\"style\":{\"typography\":{\"fontSize\":\"24px\"}}} -->\n<li>\n<h3><strong>Dr Alfredo C\u00eda<\/strong><\/h3>\n<\/li>\n<!-- \/wp:list-item -->\n\n<!-- wp:list-item {\"style\":{\"typography\":{\"fontSize\":\"24px\"}}} -->\n<li>\n<h3><strong>Dr Garc\u00eda Badaracco<\/strong><\/h3>\n<\/li>\n<!-- \/wp:list-item -->\n\n<!-- wp:list-item {\"style\":{\"typography\":{\"fontSize\":\"24px\"}}} -->\n<li>\n<h3><strong>Dr Monchabl\u00f3n Alberto<\/strong><\/h3>\n<\/li>\n<!-- \/wp:list-item -->\n\n<!-- wp:list-item {\"style\":{\"typography\":{\"fontSize\":\"24px\"}}} -->\n<li>\n<h3><strong>Dr Materazzi<\/strong><\/h3>\n<\/li>\n<!-- \/wp:list-item -->\n\n<!-- wp:list-item {\"style\":{\"typography\":{\"fontSize\":\"24px\"}}} -->\n<li>\n<h3><strong>Dr Bulacio Bruno Jos\u00e9<\/strong><\/h3>\n<\/li>\n<!-- \/wp:list-item -->\n\n<!-- wp:list-item {\"style\":{\"typography\":{\"fontSize\":\"24px\"}}} -->\n<li>\n<h3><strong>Lic Horacio Manfredi<\/strong><\/h3>\n<\/li>\n<!-- \/wp:list-item -->\n\n<!-- wp:list-item {\"style\":{\"typography\":{\"fontSize\":\"24px\"}}} -->\n<li>\n<h3><strong>Dr Jos\u00e9 Milmaniene<\/strong><\/h3>\n<\/li>\n<!-- \/wp:list-item -->\n\n<!-- wp:list-item {\"style\":{\"typography\":{\"fontSize\":\"24px\"}}} -->\n<li>\n<h3><strong>Dr Weisse Carlos<\/strong><\/h3>\n<\/li>\n<!-- \/wp:list-item -->\n\n<!-- wp:list-item {\"style\":{\"typography\":{\"fontSize\":\"24px\"}}} -->\n<li>\n<h3><strong>Lic Hugo Hirsh<\/strong><\/h3>\n<\/li>\n<\/ul>\n<\/li>\n<\/ul>\n<h3><strong><!-- \/wp:list-item --><\/strong><\/h3>\n<h3><strong><!-- \/wp:list --><\/strong><\/h3>\n<h3>&nbsp;<\/h3>\n<h3><strong><!-- wp:paragraph {\"style\":{\"typography\":{\"fontSize\":\"24px\"}}} --><\/strong><\/h3>\n<h3><strong>Participaci\u00f3n de todo nuestro personal en jornadas internas para psiquiatras, psic\u00f3logos y enfermeros, abarcando las siguientes&nbsp;tem\u00e1ticas, por ejemplo;<\/strong><\/h3>\n<h3><strong><!-- \/wp:paragraph --><\/strong><\/h3>\n<h3>&nbsp;<\/h3>\n<h3><strong><!-- wp:list --><\/strong><\/h3>\n<ul>\n<li style=\"list-style-type: none;\">\n<ul><!-- wp:list-item {\"style\":{\"typography\":{\"fontSize\":\"24px\"}}} -->\n<li>\n<h3><strong>Psicofarmacolog\u00eda de Urgencia<\/strong><\/h3>\n<\/li>\n<!-- \/wp:list-item -->\n\n<!-- wp:list-item {\"style\":{\"typography\":{\"fontSize\":\"24px\"}}} -->\n<li>\n<h3><strong>Cuadros psiqui\u00e1tricos agudos; diagn\u00f3stico y tratamiento en la Guardia<\/strong><\/h3>\n<\/li>\n<!-- \/wp:list-item -->\n\n<!-- wp:list-item {\"style\":{\"typography\":{\"fontSize\":\"24px\"}}} -->\n<li>\n<h3><strong>Cuidado cl\u00ednico de pacientes postrados; hidrataci\u00f3n y prevenci\u00f3n de lesiones dermatol\u00f3gicas<\/strong><\/h3>\n<\/li>\n<!-- \/wp:list-item -->\n\n<!-- wp:list-item {\"style\":{\"typography\":{\"fontSize\":\"24px\"}}} -->\n<li>\n<h3><strong>Cuidado cl\u00ednico de pacientes gerontes<\/strong><\/h3>\n<\/li>\n<!-- \/wp:list-item -->\n\n<!-- wp:list-item {\"style\":{\"typography\":{\"fontSize\":\"24px\"}}} -->\n<li>\n<h3><strong>Jornadas externas, presentando trabajos en congresos; p ej. &nbsp;;Psiquiatr\u00eda en Espa\u00f1a, AAP, APSA, APA, Centro cultural Rojas y Centro Cultural san Mart\u00edn<\/strong><\/h3>\n<\/li>\n<\/ul>\n<\/li>\n<\/ul>\n<h3><strong><!-- \/wp:list-item --><\/strong><\/h3>\n<h3><strong><!-- \/wp:list --><\/strong><\/h3>\n<h3>&nbsp;<\/h3>\n<h3><strong><!-- wp:paragraph {\"style\":{\"typography\":{\"fontSize\":\"24px\"}}} --><\/strong><\/h3>\n<h3><strong>Pasant\u00edas<\/strong><\/h3>\n<h3><strong><!-- \/wp:paragraph --><\/strong><\/h3>\n<h3>&nbsp;<\/h3>\n<h3><strong><!-- wp:list --><\/strong><\/h3>\n<ul>\n<li style=\"list-style-type: none;\">\n<ul><!-- wp:list-item {\"style\":{\"typography\":{\"fontSize\":\"24px\"}}} -->\n<li>\n<h3><strong>UBA; facultad de Psicolog\u00eda de la Universidad de Buenos Aires, participando de actividades cl\u00ednicas en nuestra Instituci\u00f3n.<\/strong><\/h3>\n<\/li>\n<!-- \/wp:list-item -->\n\n<!-- wp:list-item {\"style\":{\"typography\":{\"fontSize\":\"24px\"}}} -->\n<li>\n<h3><strong>C\u00e1tedra a cargo del Lic Horacio Manfredi<\/strong><\/h3>\n<\/li>\n<!-- \/wp:list-item -->\n\n<!-- wp:list-item {\"style\":{\"typography\":{\"fontSize\":\"24px\"}}} -->\n<li>\n<h3><strong>C\u00e1tedra a cargo de la Lic Diana Kosakoff<\/strong><\/h3>\n<\/li>\n<!-- \/wp:list-item -->\n\n<!-- wp:list-item {\"style\":{\"typography\":{\"fontSize\":\"24px\"}}} -->\n<li>\n<h3><strong>UBA y Centro Cultural Rojas, departamento de Docencia, Secretar\u00eda de Extensi\u00f3n Universitaria para la formaci\u00f3n de acompa\u00f1antes terap\u00e9uticos, rotando por las actividades de Hospital de d\u00eda y de Internaci\u00f3n.<\/strong><\/h3>\n<\/li>\n<!-- \/wp:list-item -->\n\n<!-- wp:list-item {\"style\":{\"typography\":{\"fontSize\":\"24px\"}}} -->\n<li>\n<h3><strong>Universidad Kennedy. Escuela de Psicolog\u00eda del Departamento de Extensi\u00f3n Universitaria, a cargo del coordinador Dr Fisher.<\/strong><\/h3>\n<\/li>\n<\/ul>\n<\/li>\n<\/ul>\n<h3><strong><!-- \/wp:list-item --><\/strong><\/h3>\n<h3><strong><!-- \/wp:list --><\/strong><\/h3>\n<h3>&nbsp;<\/h3>\n<h3><strong><!-- wp:paragraph {\"style\":{\"typography\":{\"fontSize\":\"24px\"}}} --><\/strong><\/h3>\n<h3><strong>PROGRAMA DE CLASES TE\u00d3RICAS DE LAS PASANT\u00cdAS<\/strong><\/h3>\n<h3><strong><!-- \/wp:paragraph --><\/strong><\/h3>\n<h3>&nbsp;<\/h3>\n<h3><strong><!-- wp:paragraph {\"style\":{\"typography\":{\"fontSize\":\"24px\"}}} --><\/strong><\/h3>\n<h3><strong>Hoy en d\u00eda y basados en la amplia experiencia adquirida en el tratamiento de mas de 30.000 casos de diversas patolog\u00edas en salud mental, decidimos abrir este proyecto al exterior brindando un programa de formaci\u00f3n y capacitaci\u00f3n para los profesionales de las diferentes \u00e1reas de salud mental, a trav\u00e9s del sistema de pasant\u00edas cuyo esquema pasamos a desarrollar:<\/strong><\/h3>\n<h3><strong><!-- \/wp:paragraph --><\/strong><\/h3>\n<h3>&nbsp;<\/h3>\n<h3><strong><!-- wp:list --><\/strong><\/h3>\n<ul>\n<li style=\"list-style-type: none;\">\n<ul><!-- wp:list-item {\"style\":{\"typography\":{\"fontSize\":\"24px\"}}} -->\n<li>\n<h3><strong>PSICOPATOLOG\u00cdA:<\/strong><\/h3>\n<\/li>\n<!-- \/wp:list-item -->\n\n<!-- wp:list-item {\"style\":{\"typography\":{\"fontSize\":\"24px\"}}} -->\n<li>\n<h3><strong>CUADROS DELIRANTES<\/strong><\/h3>\n<\/li>\n<!-- \/wp:list-item -->\n\n<!-- wp:list-item {\"style\":{\"typography\":{\"fontSize\":\"24px\"}}} -->\n<li>\n<h3><strong>DEPRESIONES<\/strong><\/h3>\n<\/li>\n<!-- \/wp:list-item -->\n\n<!-- wp:list-item {\"style\":{\"typography\":{\"fontSize\":\"24px\"}}} -->\n<li>\n<h3><strong>ESQUIZOFRENIAS<\/strong><\/h3>\n<\/li>\n<!-- \/wp:list-item -->\n\n<!-- wp:list-item {\"style\":{\"typography\":{\"fontSize\":\"24px\"}}} -->\n<li>\n<h3><strong>DEMENCIAS<\/strong><\/h3>\n<\/li>\n<!-- \/wp:list-item -->\n\n<!-- wp:list-item {\"style\":{\"typography\":{\"fontSize\":\"24px\"}}} -->\n<li>\n<h3><strong>NEUROSIS GRAVES<\/strong><\/h3>\n<\/li>\n<!-- \/wp:list-item -->\n\n<!-- wp:list-item {\"style\":{\"typography\":{\"fontSize\":\"24px\"}}} -->\n<li>\n<h3><strong>ADICCIONES<\/strong><\/h3>\n<\/li>\n<!-- \/wp:list-item -->\n\n<!-- wp:list-item {\"style\":{\"typography\":{\"fontSize\":\"24px\"}}} -->\n<li>\n<h3><strong>TRASTORNOS DE LA ALIMENTACI\u00d3N<\/strong><\/h3>\n<\/li>\n<!-- \/wp:list-item -->\n\n<!-- wp:list-item {\"style\":{\"typography\":{\"fontSize\":\"24px\"}}} -->\n<li>\n<h3><strong>CUADROS MIXTOS<\/strong><\/h3>\n<\/li>\n<\/ul>\n<\/li>\n<\/ul>\n<h3><strong><!-- \/wp:list-item --><\/strong><\/h3>\n<h3><strong><!-- \/wp:list --><\/strong><\/h3>\n<h3>&nbsp;<\/h3>\n<h3><strong><!-- wp:paragraph {\"style\":{\"typography\":{\"fontSize\":\"24px\"}}} --><\/strong><\/h3>\n<h3><strong>PSICOFARMACOLOG\u00cdA:<\/strong><\/h3>\n<h3><strong><!-- \/wp:paragraph --><\/strong><\/h3>\n<h3>&nbsp;<\/h3>\n<h3><strong><!-- wp:list {\"style\":{\"typography\":{\"fontSize\":\"24px\"}}} --><\/strong><\/h3>\n<ul>\n<li style=\"list-style-type: none;\">\n<ul><!-- wp:list-item {\"style\":{\"typography\":{\"fontSize\":\"24px\"}}} -->\n<li>\n<h3><strong>ABORDAJES ACTUALES DE LOS DISTINTOS CUADROS PSICOPATOL\u00d3GICOS<\/strong><\/h3>\n<\/li>\n<!-- \/wp:list-item -->\n\n<!-- wp:list-item {\"style\":{\"typography\":{\"fontSize\":\"24px\"}}} -->\n<li>\n<h3><strong>LA FAMILIA DEL PACIENTE PSIQUI\u00c1TRICO. DISTINTOS CUADROS. ABORDAJE.<\/strong><\/h3>\n<\/li>\n<!-- \/wp:list-item -->\n\n<!-- wp:list-item {\"style\":{\"typography\":{\"fontSize\":\"24px\"}}} -->\n<li>\n<h3><strong>EL ABORDAJE GRUPAL DE LAS PATOLOG\u00cdAS PSIQUI\u00c1TRICAS.<\/strong><\/h3>\n<\/li>\n<!-- \/wp:list-item -->\n\n<!-- wp:list-item {\"style\":{\"typography\":{\"fontSize\":\"24px\"}}} -->\n<li>\n<h3><strong>HOSPITAL &nbsp;DE D\u00cdA. SU IMPORTANCIA Y UTILIZACI\u00d3N.<\/strong><\/h3>\n<\/li>\n<!-- \/wp:list-item -->\n\n<!-- wp:list-item -->\n<li>\n<h3><strong>BREVE NOSOGRAF\u00cdA SANITARIA: &nbsp;DIFERENTES SISTEMAS DE SALUD.<\/strong><\/h3>\n<\/li>\n<\/ul>\n<\/li>\n<\/ul>\n<h3><strong><!-- \/wp:list-item --><\/strong><\/h3>\n<h3><strong><!-- \/wp:list --><\/strong><\/h3>\n<h3>&nbsp;<\/h3>\n<h3><strong><!-- wp:paragraph {\"style\":{\"typography\":{\"fontSize\":\"24px\"}}} --><\/strong><\/h3>\n<h3><strong>LA PSICOTERAPIA INDIVIDUAL EN LOS DIFERENTES CUADROS PSICOPATOL\u00d3GICOS<\/strong><\/h3>\n<h3><strong><!-- \/wp:paragraph --><\/strong><\/h3>\n<h3>&nbsp;<\/h3>\n<h3><strong><!-- wp:paragraph {\"style\":{\"typography\":{\"fontSize\":\"24px\"}}} --><\/strong><\/h3>\n<h3><strong>EL TRABAJO INTERDISCIPLINARIO EN PSIQUIATR\u00cdA.<\/strong><\/h3>\n<h3><strong><!-- \/wp:paragraph --><\/strong><\/h3>\n<h3>&nbsp;<\/h3>\n<h3><strong><!-- wp:paragraph {\"style\":{\"typography\":{\"fontSize\":\"24px\"}}} --><\/strong><\/h3>\n<h3><strong>BREVE ENCUADRE LEGAL DE LA ACCI\u00d3N PSIQUI\u00c1TRICA EN LA ARGENTINA<\/strong><\/h3>\n<h3><strong><!-- \/wp:paragraph --><\/strong><\/h3>\n<h3>&nbsp;<\/h3>\n<h3><strong><!-- wp:paragraph {\"style\":{\"typography\":{\"fontSize\":\"24px\"}}} --><\/strong><\/h3>\n<h3><strong>Las clases ser\u00e1n dictadas por miembros del Staff e invitados especiales de acuerdo a la tem\u00e1tica.<\/strong><\/h3>\n<h3><strong><!-- \/wp:paragraph --><\/strong><\/h3>\n<h3>&nbsp;<\/h3>\n<h3><strong><!-- wp:paragraph {\"style\":{\"typography\":{\"fontSize\":\"24px\"}}} --><\/strong><\/h3>\n<h3><strong>Asimismo el programa incluir\u00e1 pasant\u00edas pr\u00e1cticas por los distintos&nbsp;servicios de atenci\u00f3n:<\/strong><\/h3>\n<h3><strong><!-- \/wp:paragraph --><\/strong><\/h3>\n<h3>&nbsp;<\/h3>\n<h3><strong><!-- wp:list {\"fontSize\":\"large\"} --><\/strong><\/h3>\n<ul>\n<li style=\"list-style-type: none;\">\n<ul><!-- wp:list-item {\"style\":{\"typography\":{\"fontSize\":\"24px\"}}} -->\n<li>\n<h3><strong>Admisi\u00f3n.<\/strong><\/h3>\n<\/li>\n<!-- \/wp:list-item -->\n\n<!-- wp:list-item {\"style\":{\"typography\":{\"fontSize\":\"24px\"}}} -->\n<li>\n<h3><strong>Hospital de d\u00eda.<\/strong><\/h3>\n<\/li>\n<!-- \/wp:list-item -->\n\n<!-- wp:list-item {\"style\":{\"typography\":{\"fontSize\":\"24px\"}}} -->\n<li>\n<h3><strong>Guardia psiqui\u00e1trica.<\/strong><\/h3>\n<\/li>\n<!-- \/wp:list-item -->\n\n<!-- wp:list-item {\"style\":{\"typography\":{\"fontSize\":\"24px\"}}} -->\n<li>\n<h3><strong>Actividades contextuales.<\/strong><\/h3>\n<\/li>\n<!-- \/wp:list-item -->\n\n<!-- wp:list-item {\"style\":{\"typography\":{\"fontSize\":\"24px\"}}} -->\n<li>\n<h3><strong>Atenci\u00f3n domiciliaria.<\/strong><\/h3>\n<\/li>\n<!-- \/wp:list-item -->\n\n<!-- wp:list-item {\"style\":{\"typography\":{\"fontSize\":\"24px\"}}} -->\n<li>\n<h3><strong>Supervisiones.<\/strong><\/h3>\n<\/li>\n<\/ul>\n<\/li>\n<\/ul>\n<h3><strong><!-- \/wp:list-item --><\/strong><\/h3>\n<h3><strong><!-- \/wp:list --><\/strong><\/h3>\n<h3>&nbsp;<\/h3>\n<h3><strong><!-- wp:paragraph {\"style\":{\"typography\":{\"fontSize\":\"24px\"}}} --><\/strong><\/h3>\n<h3><strong>Tambi\u00e9n participaci\u00f3n en las distintas reuniones de profesionales en las&nbsp;diferentes \u00e1reas&nbsp;a saber:<\/strong><\/h3>\n<h3><strong><!-- \/wp:paragraph --><\/strong><\/h3>\n<h3>&nbsp;<\/h3>\n<h3><strong><!-- wp:list --><\/strong><\/h3>\n<ul>\n<li style=\"list-style-type: none;\">\n<ul><!-- wp:list-item {\"style\":{\"typography\":{\"fontSize\":\"24px\"}}} -->\n<li>\n<h3><strong>Hospital de d\u00eda.<\/strong><\/h3>\n<\/li>\n<!-- \/wp:list-item -->\n\n<!-- wp:list-item {\"style\":{\"typography\":{\"fontSize\":\"24px\"}}} -->\n<li>\n<h3><strong>Area &nbsp;psicoterape\u00fatica.<\/strong><\/h3>\n<\/li>\n<!-- \/wp:list-item -->\n\n<!-- wp:list-item {\"style\":{\"typography\":{\"fontSize\":\"24px\"}}} -->\n<li>\n<h3><strong>Internaci\u00f3n.<\/strong><\/h3>\n<\/li>\n<!-- \/wp:list-item -->\n\n<!-- wp:list-item {\"style\":{\"typography\":{\"fontSize\":\"24px\"}}} -->\n<li>\n<h3><strong>Supervisiones.<\/strong><\/h3>\n<\/li>\n<\/ul>\n<\/li>\n<\/ul>\n<h3><strong><!-- \/wp:list-item --><\/strong><\/h3>\n<h3><strong><!-- \/wp:list --><\/strong><\/h3>\n<h3>&nbsp;<\/h3>\n<h3><strong><!-- wp:paragraph {\"style\":{\"typography\":{\"fontSize\":\"24px\"}}} --><\/strong><\/h3>\n<h3><strong>Dentro de la pasant\u00eda estar\u00e1 inclu\u00edda la participaci\u00f3n en las diferentes actividades cient\u00edficas organizadas por la cl\u00ednica durante ese per\u00edodo.<\/strong><\/h3>\n<h3><strong><!-- \/wp:paragraph --><\/strong><\/h3>\n<h3>&nbsp;<\/h3>\n<h3><strong><!-- wp:paragraph {\"style\":{\"typography\":{\"fontSize\":\"24px\"}}} --><\/strong><\/h3>\n<h3><strong>Las fechas de iniciaci\u00f3n as\u00ed como los horarios de los mismos se publicar\u00e1n pr\u00f3ximamente.<\/strong><\/h3>\n<h3><strong><!-- \/wp:paragraph --><\/strong><\/h3>\n<h3>&nbsp;<\/h3>\n<h3><strong><!-- wp:paragraph {\"style\":{\"typography\":{\"fontSize\":\"24px\"}}} --><\/strong><\/h3>\n<h3><strong>A todos los interesados comunicarse por mail a:&nbsp;<a href=\"mailto:info@moraviaclinica.com.ar\" target=\"_blank\" rel=\"noreferrer noopener\">info@moraviaclinica.com.ar<\/a><\/strong><\/h3>\n<h3><strong><!-- \/wp:paragraph --><\/strong><\/h3>\n<h3><strong><!-- wp:paragraph --><\/strong><\/h3>\n<h3><strong><!-- \/wp:paragraph --><\/strong><\/h3>\n<h3><strong><!-- wp:paragraph --><\/strong><\/h3>\n<h3><strong><!-- \/wp:paragraph --><\/strong><\/h3>\n<h3><strong><!-- wp:paragraph --><\/strong><\/h3>\n<h3><strong><!-- \/wp:paragraph --><\/strong><\/h3>\n<h3><strong><!-- wp:paragraph --><\/strong><\/h3>\n<h3><strong><!-- \/wp:paragraph --><\/strong><\/h3>\n<h3><strong><!-- wp:paragraph --><\/strong><\/h3>\n<h3><strong><!-- \/wp:paragraph --><\/strong><\/h3>\n<h3><strong><!-- wp:paragraph --><\/strong><\/h3>\n<h3><strong><!-- \/wp:paragraph --><\/strong><\/h3>\n<h3><strong><!-- wp:image {\"id\":11448,\"width\":\"290px\",\"height\":\"auto\",\"sizeSlug\":\"full\",\"linkDestination\":\"none\",\"align\":\"center\"} --><\/strong><\/h3>\n<h3 style=\"text-align: center;\">&nbsp;<\/h3>\n<h3><strong><!-- \/wp:image --><\/strong><\/h3>[\/vc_column_text][vc_single_image image=&#8221;11135&#8243; img_size=&#8221;medium&#8221; alignment=&#8221;center&#8221; css=&#8221;&#8221;][\/vc_column][\/vc_row]<\/div>","protected":false},"excerpt":{"rendered":"<p>[vc_row][vc_column][vc_single_image image=&#8221;11272&#8243; img_size=&#8221;large&#8221; alignment=&#8221;center&#8221; css=&#8221;&#8221;][vc_column_text css=&#8221;&#8221;] &nbsp; &nbsp; DOCENCIA E INVESTIGACI\u00d3N &nbsp; Cl\u00ednica Moravia desarrolla, desde sus comienzos, un espacio de intercambio, investigaci\u00f3n y docencia, en forma abierta, a todas las disciplinas, tendiendo siempre hacia la actualizaci\u00f3n de los profesionales, y a la conquista de los conocimientos m\u00e1s avanzados en la materia. &nbsp; Con este fin, realizamos las siguientes&nbsp;actividades &nbsp;&#8230;<\/p>\n","protected":false},"author":1,"featured_media":0,"parent":0,"menu_order":0,"comment_status":"closed","ping_status":"closed","template":"","meta":{"footnotes":""},"class_list":["post-11171","page","type-page","status-publish","hentry"],"_links":{"self":[{"href":"https:\/\/moraviaclinica.com\/index.php\/wp-json\/wp\/v2\/pages\/11171","targetHints":{"allow":["GET"]}}],"collection":[{"href":"https:\/\/moraviaclinica.com\/index.php\/wp-json\/wp\/v2\/pages"}],"about":[{"href":"https:\/\/moraviaclinica.com\/index.php\/wp-json\/wp\/v2\/types\/page"}],"author":[{"embeddable":true,"href":"https:\/\/moraviaclinica.com\/index.php\/wp-json\/wp\/v2\/users\/1"}],"replies":[{"embeddable":true,"href":"https:\/\/moraviaclinica.com\/index.php\/wp-json\/wp\/v2\/comments?post=11171"}],"version-history":[{"count":2,"href":"https:\/\/moraviaclinica.com\/index.php\/wp-json\/wp\/v2\/pages\/11171\/revisions"}],"predecessor-version":[{"id":11273,"href":"https:\/\/moraviaclinica.com\/index.php\/wp-json\/wp\/v2\/pages\/11171\/revisions\/11273"}],"wp:attachment":[{"href":"https:\/\/moraviaclinica.com\/index.php\/wp-json\/wp\/v2\/media?parent=11171"}],"curies":[{"name":"wp","href":"https:\/\/api.w.org\/{rel}","templated":true}]}}