{"id":11169,"date":"2025-11-14T12:31:50","date_gmt":"2025-11-14T15:31:50","guid":{"rendered":"https:\/\/moraviaclinica.com\/?page_id=11169"},"modified":"2025-11-19T16:33:19","modified_gmt":"2025-11-19T19:33:19","slug":"otros-tratamientos","status":"publish","type":"page","link":"https:\/\/moraviaclinica.com\/index.php\/otros-tratamientos\/","title":{"rendered":"Otros tratamientos"},"content":{"rendered":"<div class=\"wpb-content-wrapper\">[vc_row][vc_column][vc_single_image image=&#8221;9904&#8243; img_size=&#8221;large&#8221; alignment=&#8221;center&#8221;][vc_column_text css=&#8221;&#8221;]<p>&nbsp;<\/p>\n<div class=\"wp-block-image\">\n<figure class=\"aligncenter size-full is-resized\"><img decoding=\"async\" class=\"wp-image-11479\" style=\"width: 479px; height: auto;\" src=\"..\/wp-content\/uploads\/2025\/11\/images-3.jpeg\" alt=\"\"><\/figure>\n<p><\/div>\n\n\n\n&nbsp;<\/p>\n\n<h3><strong><a>Internaci\u00f3n domiciliaria<\/a><\/strong><\/h3>\n<h3><strong><\/strong><\/h3>\n<h3>&nbsp;<\/h3>\n<h3><strong><\/strong><\/h3>\n<ul class=\"wp-block-list\">\n<li style=\"list-style-type: none;\">\n<ul>\n<li>\n<h3><strong>Esta es la alternativa en los casos en que el paciente&nbsp;no pudiera&nbsp;o&nbsp;no estuviera dispuesto&nbsp;a realizar un tratamiento dentro de la instituci\u00f3n y posea una contenci\u00f3n familiar dentro del hogar. Consiste en la visita peri\u00f3dica de un equipo tratante, sumado a la asignaci\u00f3n de un coordinador Psiquiatra.<\/strong><\/h3>\n<\/li>\n\n\n\n<li>\n<h3><strong>El equipo en cuesti\u00f3n cuenta con un&nbsp;M\u00e9dico Psiquiatra&nbsp;y un&nbsp;Licenciado en Psicolog\u00eda, que adem\u00e1s de realizar la Psicoterapia del paciente, trabajar\u00e1 con los familiares en un proceso de Psicoeducaci\u00f3n y la visita de lunes a viernes de una Supervisora de Enfermer\u00eda que evaluar\u00e1 los signos vitales del paciente, controlar\u00e1 la administraci\u00f3n de la medicaci\u00f3n, aplicar\u00e1 la medicaci\u00f3n inyectable, si se requiere y verificar\u00e1 si los lineamientos generales del M\u00e9dico Psiquiatra se llevan a cabo.<\/strong><\/h3>\n<\/li>\n\n\n\n<li>\n<h3><strong>El paciente cuenta con la cobertura de un equipo de Emergencias Psiqui\u00e1tricas, que se presenta dentro de las tres horas de ser llamado y resuelve la situaci\u00f3n de urgencia.<\/strong><\/h3>\n<\/li>\n<\/ul>\n<\/li>\n<\/ul>\n<h3><strong><\/strong><\/h3>\n<h3><strong><\/strong><\/h3>\n<h3>&nbsp;<\/h3>\n<h3><strong><\/strong><\/h3>\n<h3><strong>Hospital de d\u00eda&nbsp;<\/strong><\/h3>\n<h3><strong><\/strong><\/h3>\n<h3>&nbsp;<\/h3>\n<h3><strong><\/strong><\/h3>\n<ul class=\"wp-block-list\">\n<li style=\"list-style-type: none;\">\n<ul>\n<li>\n<h3><strong>Ya sea en jornada&nbsp;completa&nbsp;o&nbsp;media, el paciente recrea una realidad intermedia hacia el mundo exterior, conviviendo de d\u00eda con otros pacientes y de noche con su familia, en su domicilio.<\/strong><\/h3>\n<\/li>\n\n\n\n<li>\n<h3><strong>De esta manera, realizando &nbsp;un &nbsp;conjunto de actividades como musicoterapia, educaci\u00f3n f\u00edsica, teatro, digitopuntura, manualidades y talleres literarios, de juegos, de crecimiento personal, de expresi\u00f3n gestual, m\u00edmica y musical. Se facilita su proceso elaborativo, sostenido principalmente, desde su psicoterapia individual, grupal y la supervisi\u00f3n psiqui\u00e1trica.<\/strong><\/h3>\n<\/li>\n\n\n\n<li>\n<h3><strong>Todos los pacientes de Hospital de D\u00eda tienen Psicoterapia individual y control farmacol\u00f3gico semanal.<\/strong><\/h3>\n<\/li>\n\n\n\n<li>\n<h3><strong>En los tratamientos de las adicciones y de los trastornos de la alimentaci\u00f3n, se incorpora la participaci\u00f3n de un profesional nutricionista que realiza actividades terap\u00e9uticas espec\u00edficas para esta patolog\u00eda.<\/strong><\/h3>\n<\/li>\n<\/ul>\n<\/li>\n<\/ul>\n<h3><strong><\/strong><\/h3>\n<h3><strong><\/strong><\/h3>\n<h3>&nbsp;<\/h3>\n<h3><strong><\/strong><\/h3>\n<h3><strong>Atenci\u00f3n domiciliaria programada<\/strong><\/h3>\n<h3><strong><\/strong><\/h3>\n<h3>&nbsp;<\/h3>\n<h3><strong><\/strong><\/h3>\n<h3><strong>En los casos en que, por distintos motivos, el paciente no pueda acercase al centro ambulatorio, se programar\u00e1n turnos de atenci\u00f3n con visita domiciliaria psiqui\u00e1trica y\/o psicol\u00f3gica de acuerdo al caso.<\/strong><\/h3>\n<h3><strong><\/strong><\/h3>\n<h3>&nbsp;<\/h3>\n<h3><strong><\/strong><\/h3>\n<h3><strong>Emergencias psiqui\u00e1tricas<\/strong><\/h3>\n<h3><strong><\/strong><\/h3>\n<h3>&nbsp;<\/h3>\n<h3><strong><\/strong><\/h3>\n<h3><strong>Frente a cualquier emergencia psiqui\u00e1trica, comunic\u00e1ndose al tel\u00e9fono (6423-2696)&nbsp;un psiquiatra asistir\u00e1 a fin de solucionar la emergencia y confirmar los pasos a seguir dentro de las 3 hs (tres horas) de hecha la llamada.<\/strong><\/h3>\n<h3><strong><\/strong><\/h3>\n<h3>&nbsp;<\/h3>\n<h3><strong><\/strong><\/h3>\n<h3><strong>Atenci\u00f3n ambulatoria<\/strong><\/h3>\n<h3><strong><\/strong><\/h3>\n<h3>&nbsp;<\/h3>\n<h3><strong><\/strong><\/h3>\n<h3><strong>La atenci\u00f3n ambulatoria del paciente psiqui\u00e1trico es la llave de la prevenci\u00f3n secundaria tendiente a limitar la cantidad de internaciones.<\/strong><\/h3>\n<h3><strong><\/strong><\/h3>\n<h3>&nbsp;<\/h3>\n<h3><strong><\/strong><\/h3>\n<ul class=\"wp-block-list\">\n<li style=\"list-style-type: none;\">\n<ul>\n<li>\n<h3><strong>Para su efectividad es requisito el abordaje interdisciplinario y el correcto diagn\u00f3stico e indicaci\u00f3n terap\u00e9utica.<\/strong><\/h3>\n<\/li>\n\n\n\n<li>\n<h3><strong>A partir de la Admisi\u00f3n, las indicaciones a seguir pueden ser de una o varias de las siguientes alternativas combinadas<\/strong><\/h3>\n<\/li>\n\n\n\n<li>\n<h3><strong>Psicoterapia individual<\/strong><\/h3>\n<\/li>\n\n\n\n<li>\n<h3><strong>Psicoterapia Vincular<\/strong><\/h3>\n<\/li>\n\n\n\n<li>\n<h3><strong>Psicoterapia Familiar<\/strong><\/h3>\n<\/li>\n\n\n\n<li>\n<h3><strong>Psicoterapia Grupal<\/strong><\/h3>\n<\/li>\n\n\n\n<li>\n<h3><strong>Control Psiqui\u00e1trico de Medicaci\u00f3n<\/strong><\/h3>\n<\/li>\n<\/ul>\n<\/li>\n<\/ul>\n<h3><strong><\/strong><\/h3>\n<h3><strong><\/strong><\/h3>\n<h3>&nbsp;<\/h3>\n<h3><strong><\/strong><\/h3>\n<h3><strong>Tratamiento de las adicciones<\/strong><\/h3>\n<h3><strong><\/strong><\/h3>\n<h3>&nbsp;<\/h3>\n<h3><strong><\/strong><\/h3>\n<h3><strong>La experiencia a lo largo de veinte a\u00f1os de trabajo con esta patolog\u00eda nos permite ofrecer una atenci\u00f3n integrada. Mantenemos un contacto fluido con otras instituciones que nos aportan sus propios conocimientos en la especialidad.<\/strong><\/h3>\n<h3><strong><\/strong><\/h3>\n<h3>&nbsp;<\/h3>\n<h3><strong><\/strong><\/h3>\n<ul class=\"wp-block-list\">\n<li style=\"list-style-type: none;\">\n<ul>\n<li>\n<h3><strong>Nos referimos al abordaje del paciente con su enfermedad y tambi\u00e9n a la atenci\u00f3n de su v\u00ednculo familiar. En otras palabras el paciente debe modificar dos relaciones simult\u00e1neamente, la que tiene con el elemento con que mantiene una relaci\u00f3n adictiva y la que mantiene con su familia.<\/strong><\/h3>\n<\/li>\n\n\n\n<li>\n<h3><strong>El trabajo que realizamos en equipo desde la psicofarmacolog\u00eda &nbsp;y la psicodinamia se traduce en un replanteo general de la vida del paciente. Se realiza un seguimiento desde su ingreso hasta su reinserci\u00f3n en la sociedad.<\/strong><\/h3>\n<\/li>\n\n\n\n<li>\n<h3><strong>El tratamiento incluye una entrevista de admisi\u00f3n con el equipo coordinador (psicol\u00f3gico y psiqui\u00e1trico), para su diagn\u00f3stico. En funci\u00f3n de la evaluaci\u00f3n de gravedad, contexto familiar, social y laboral se indicar\u00e1 particularmente a cada paciente el tipo de atenci\u00f3n m\u00e1s adecuada para este.<\/strong><\/h3>\n<\/li>\n\n\n\n<li>\n<h3><strong>Admisi\u00f3n<\/strong><\/h3>\n<\/li>\n\n\n\n<li>\n<h3><strong>Tratamiento Ambulatorio<\/strong><\/h3>\n<\/li>\n\n\n\n<li>\n<h3><strong>Tratamiento Hospital de D\u00eda<\/strong><\/h3>\n<\/li>\n\n\n\n<li>\n<h3><strong>Tratamiento Internaci\u00f3n<\/strong><\/h3>\n<\/li>\n<\/ul>\n<\/li>\n<\/ul>\n<h3><strong><\/strong><\/h3>\n<h3><strong><\/strong><\/h3>\n<h3>&nbsp;<\/h3>\n<h3><strong><\/strong><\/h3>\n<h3><strong>Tratamiento Ambulatorio:<\/strong><\/h3>\n<h3><strong><\/strong><\/h3>\n<h3>&nbsp;<\/h3>\n<h3><strong><\/strong><\/h3>\n<h3><strong>M\u00f3dulo Intensivo:<\/strong><\/h3>\n<h3><strong><\/strong><\/h3>\n<h3>&nbsp;<\/h3>\n<h3><strong><\/strong><\/h3>\n<ul class=\"wp-block-list\">\n<li style=\"list-style-type: none;\">\n<ul>\n<li>\n<h3><strong>2 sesiones de psicoterapia individual semanal o 1 sesi\u00f3n y 1 control farmacol\u00f3gico semanal.<\/strong><\/h3>\n<\/li>\n\n\n\n<li>\n<h3><strong>1 sesi\u00f3n familiar semanal.<\/strong><\/h3>\n<\/li>\n\n\n\n<li>\n<h3><strong>1 sesi\u00f3n semanal de grupo de padres.<\/strong><\/h3>\n<\/li>\n<\/ul>\n<\/li>\n<\/ul>\n<h3><strong><\/strong><\/h3>\n<h3><strong><\/strong><\/h3>\n<h3>&nbsp;<\/h3>\n<h3><strong><\/strong><\/h3>\n<h3><strong>M\u00f3dulo de Sost\u00e9n:<\/strong><\/h3>\n<h3><strong><\/strong><\/h3>\n<h3>&nbsp;<\/h3>\n<h3><strong><\/strong><\/h3>\n<ul class=\"wp-block-list\">\n<li style=\"list-style-type: none;\">\n<ul>\n<li>\n<h3><strong>1 sesi\u00f3n individual semanal.<\/strong><\/h3>\n<\/li>\n\n\n\n<li>\n<h3><strong>1 control farmacol\u00f3gico quincenal.<\/strong><\/h3>\n<\/li>\n\n\n\n<li>\n<h3><strong>1 sesi\u00f3n familiar quincenal.<\/strong><\/h3>\n<\/li>\n\n\n\n<li>\n<h3><strong>1 sesi\u00f3n semanal de grupo de padres.<\/strong><\/h3>\n<\/li>\n<\/ul>\n<\/li>\n<\/ul>\n<h3><strong><\/strong><\/h3>\n<h3><strong><\/strong><\/h3>\n<h3>&nbsp;<\/h3>\n<h3><strong><\/strong><\/h3>\n<h3><strong>Trastornos de la alimentaci\u00f3n<\/strong><\/h3>\n<h3><strong><\/strong><\/h3>\n<h3>&nbsp;<\/h3>\n<h3><strong><\/strong><\/h3>\n<ul class=\"wp-block-list\">\n<li style=\"list-style-type: none;\">\n<ul>\n<li>\n<h3><strong>El tratamiento se desarrollar\u00e1 a partir de una entrevista de admisi\u00f3n con el equipo coordinador (cl\u00ednico psiqui\u00e1trico nutricional), para su diagn\u00f3stico. En funci\u00f3n de la evaluaci\u00f3n de gravedad, contexto familiar, social y laboral se indicar\u00e1 particularmente a cada paciente el tipo de tratamiento m\u00e1s adecuado para este.<\/strong><\/h3>\n<\/li>\n\n\n\n<li>\n<h3><strong>Admisi\u00f3n<\/strong><\/h3>\n<\/li>\n\n\n\n<li>\n<h3><strong>Tratamiento Ambulatorio<\/strong><\/h3>\n<\/li>\n\n\n\n<li>\n<h3><strong>Tratamiento Hospital de D\u00eda<\/strong><\/h3>\n<\/li>\n\n\n\n<li>\n<h3><strong>Tratamiento Internaci\u00f3n<\/strong><\/h3>\n<\/li>\n<\/ul>\n<\/li>\n<\/ul>\n<h3><strong><\/strong><\/h3>\n<h3><strong><\/strong><\/h3>\n<h3>&nbsp;<\/h3>\n<h3><strong><\/strong><\/h3>\n<h3><strong>Tratamiento Ambulatorio:<\/strong><\/h3>\n<h3><strong><\/strong><\/h3>\n<h3>&nbsp;<\/h3>\n<h3><strong><\/strong><\/h3>\n<h3><strong>M\u00f3dulo Intensivo:<\/strong><\/h3>\n<h3><strong><\/strong><\/h3>\n<h3>&nbsp;<\/h3>\n<h3><strong><\/strong><\/h3>\n<ul class=\"wp-block-list\">\n<li style=\"list-style-type: none;\">\n<ul>\n<li>\n<h3><strong>2 sesiones de psicoterapia individual semanal o 1 sesi\u00f3n y 1 control farmacol\u00f3gico semanal.<\/strong><\/h3>\n<\/li>\n\n\n\n<li>\n<h3><strong>1 sesi\u00f3n familiar semanal.<\/strong><\/h3>\n<\/li>\n\n\n\n<li>\n<h3><strong>1 control nutricional semanal.<\/strong><\/h3>\n<\/li>\n\n\n\n<li>\n<h3><strong>1 control cl\u00ednico semanal.<\/strong><\/h3>\n<\/li>\n\n\n\n<li>\n<h3><strong>1 sesi\u00f3n semanal de grupo de padres.<\/strong><\/h3>\n<\/li>\n<\/ul>\n<\/li>\n<\/ul>\n<h3><strong><\/strong><\/h3>\n<h3><strong><\/strong><\/h3>\n<h3><strong>M\u00f3dulo de Sost\u00e9n:<\/strong><\/h3>\n<h3><strong><\/strong><\/h3>\n<h3>&nbsp;<\/h3>\n<h3><strong><\/strong><\/h3>\n<ul class=\"wp-block-list\">\n<li style=\"list-style-type: none;\">\n<ul>\n<li>\n<h3><strong>1 sesi\u00f3n individual semanal.<\/strong><\/h3>\n<\/li>\n\n\n\n<li>\n<h3><strong>1 control farmacol\u00f3gico quincenal.<\/strong><\/h3>\n<\/li>\n\n\n\n<li>\n<h3><strong>1 sesi\u00f3n familiar quincenal.<\/strong><\/h3>\n<\/li>\n\n\n\n<li>\n<h3><strong>1 control cl\u00ednico mensual.<\/strong><\/h3>\n<\/li>\n\n\n\n<li>\n<h3><strong>1 control grupal nutricional semanal.<\/strong><\/h3>\n<\/li>\n\n\n\n<li>\n<h3><strong>1 sesi\u00f3n semanal de grupo de padres.<\/strong><\/h3>\n<\/li>\n<\/ul>\n<\/li>\n<\/ul>\n<h3><strong><\/strong><\/h3>\n<h3><strong><\/strong><\/h3>\n<h3>&nbsp;<\/h3>\n<h3><strong><\/strong><\/h3>\n<h3><strong>Planes especiales para casos de anorexia-bulimia.<\/strong><\/h3>\n<h3><strong><\/strong><\/h3>\n<h3><strong><\/strong><\/h3>\n<h3><strong><\/strong><\/h3>\n<h3><strong><\/strong><\/h3>\n<h3><strong><\/strong><\/h3>\n<h3><strong><\/strong><\/h3>\n<h3>&nbsp;<\/h3>[\/vc_column_text][vc_single_image image=&#8221;11135&#8243; img_size=&#8221;medium&#8221; alignment=&#8221;center&#8221;][\/vc_column][\/vc_row]<\/div>","protected":false},"excerpt":{"rendered":"<p>[vc_row][vc_column][vc_single_image image=&#8221;9904&#8243; img_size=&#8221;large&#8221; alignment=&#8221;center&#8221;][vc_column_text css=&#8221;&#8221;] &nbsp; &nbsp; Internaci\u00f3n domiciliaria &nbsp; &nbsp; Hospital de d\u00eda&nbsp; &nbsp; &nbsp; Atenci\u00f3n domiciliaria programada &nbsp; En los casos en que, por distintos motivos, el paciente no pueda acercase al centro ambulatorio, se programar\u00e1n turnos de atenci\u00f3n con visita domiciliaria psiqui\u00e1trica y\/o psicol\u00f3gica de acuerdo al caso. &nbsp; Emergencias psiqui\u00e1tricas &nbsp; Frente a cualquier emergencia psiqui\u00e1trica,&#8230;<\/p>\n","protected":false},"author":1,"featured_media":0,"parent":0,"menu_order":0,"comment_status":"closed","ping_status":"closed","template":"","meta":{"footnotes":""},"class_list":["post-11169","page","type-page","status-publish","hentry"],"_links":{"self":[{"href":"https:\/\/moraviaclinica.com\/index.php\/wp-json\/wp\/v2\/pages\/11169","targetHints":{"allow":["GET"]}}],"collection":[{"href":"https:\/\/moraviaclinica.com\/index.php\/wp-json\/wp\/v2\/pages"}],"about":[{"href":"https:\/\/moraviaclinica.com\/index.php\/wp-json\/wp\/v2\/types\/page"}],"author":[{"embeddable":true,"href":"https:\/\/moraviaclinica.com\/index.php\/wp-json\/wp\/v2\/users\/1"}],"replies":[{"embeddable":true,"href":"https:\/\/moraviaclinica.com\/index.php\/wp-json\/wp\/v2\/comments?post=11169"}],"version-history":[{"count":2,"href":"https:\/\/moraviaclinica.com\/index.php\/wp-json\/wp\/v2\/pages\/11169\/revisions"}],"predecessor-version":[{"id":11271,"href":"https:\/\/moraviaclinica.com\/index.php\/wp-json\/wp\/v2\/pages\/11169\/revisions\/11271"}],"wp:attachment":[{"href":"https:\/\/moraviaclinica.com\/index.php\/wp-json\/wp\/v2\/media?parent=11169"}],"curies":[{"name":"wp","href":"https:\/\/api.w.org\/{rel}","templated":true}]}}