{"id":11163,"date":"2025-11-14T12:32:32","date_gmt":"2025-11-14T15:32:32","guid":{"rendered":"https:\/\/moraviaclinica.com\/?page_id=11163"},"modified":"2025-11-14T14:44:00","modified_gmt":"2025-11-14T17:44:00","slug":"internacion","status":"publish","type":"page","link":"https:\/\/moraviaclinica.com\/index.php\/internacion\/","title":{"rendered":"INTERNACI\u00d3N"},"content":{"rendered":"<div class=\"wpb-content-wrapper\"><p>[vc_row][vc_column][vc_column_text]<\/p>\n<h3><\/h3>\n<h3><img loading=\"lazy\" decoding=\"async\" class=\"alignnone size-full wp-image-2350 aligncenter\" src=\"https:\/\/moraviaclinica.com\/wp-content\/uploads\/2015\/11\/2.jpg\" alt=\"\" width=\"600\" height=\"600\" \/><\/h3>\n<h2 style=\"text-align: center;\"><strong>Nuestra experiencia nos permite brindar un excelente servicio<\/strong><\/h2>\n<p>&nbsp;<\/p>\n<ul>\n<li style=\"list-style-type: none;\">\n<ul>\n<li>\n<h3><strong>M\u00e1s de 40 profesionales de la salud mental.<\/strong><\/h3>\n<\/li>\n<li>\n<h3><strong>Staff de enfermer\u00eda con amplia experiencia.<\/strong><\/h3>\n<\/li>\n<li>\n<h3><strong>Consultorios internos y externos.<\/strong><\/h3>\n<\/li>\n<li>\n<h3><strong>Moderno edificio de cuatro plantas<\/strong><\/h3>\n<\/li>\n<\/ul>\n<\/li>\n<\/ul>\n<h3><\/h3>\n<h3><strong>Cada \u00a0piso cuenta con:<\/strong><\/h3>\n<h3><\/h3>\n<ul>\n<li style=\"list-style-type: none;\">\n<ul>\n<li>\n<h3><strong>Office de enfermer\u00eda.<\/strong><\/h3>\n<\/li>\n<li>\n<h3><strong>Sala de laborterapia.<\/strong><\/h3>\n<\/li>\n<li>\n<h3><strong>Habitaci\u00f3n vigilada permanentemente.<\/strong><\/h3>\n<\/li>\n<\/ul>\n<\/li>\n<\/ul>\n<h3><\/h3>\n<h3 style=\"text-align: center;\"><strong>ADMISI\u00d3N<\/strong><\/h3>\n<h3><\/h3>\n<h3><strong>El enfoque multidisciplinario apunta a realizar un diagn\u00f3stico integrado del paciente, para lo cual realizamos la entrevista de evaluaci\u00f3n en tres etapas:<\/strong><\/h3>\n<h3><\/h3>\n<h3><strong>Primera etapa de admisi\u00f3n:<\/strong><\/h3>\n<h3><\/h3>\n<ol>\n<li style=\"list-style-type: none;\">\n<ol>\n<li>\n<h3><strong>Psiqui\u00e1trica: recoge datos de esta categor\u00eda, gravedad y evoluci\u00f3n de la enfermedad.<\/strong><\/h3>\n<\/li>\n<li>\n<h3><strong>Psicol\u00f3gica: estos datos son importantes para establecer su conciencia de enfermedad, su expectativa de curaci\u00f3n, los recursos sanos de los que dispone, las posibilidades ps\u00edquicas familiares y sociales que constituyen su mundo circundante y la consecuente posibilidad de ser apoyado desde afuera.<\/strong><\/h3>\n<\/li>\n<\/ol>\n<\/li>\n<\/ol>\n<h3><strong>Segunda etapa de admisi\u00f3n:<\/strong><\/h3>\n<h3><strong>Evaluaci\u00f3n durante el curso del tratamiento para reconfirmar el diagn\u00f3stico y redefinir el tratamiento. En este per\u00edodo es muy importante tambi\u00e9n la evaluaci\u00f3n cl\u00ednica y nutricional para aquellos pacientes que presentan enfermedades cl\u00ednicas de base.<\/strong><\/h3>\n<h3><strong>Tercera etapa de admisi\u00f3n:<\/strong><\/h3>\n<h3><strong>Se eval\u00faa ahora el resultado terap\u00e9utico. Se realizan estrategias m\u00faltiples para evitar, en la medida de lo posible, las reca\u00eddas al alta de tratamiento. Cada evaluaci\u00f3n conlleva m\u00faltiples reunionesdel equipo tratante multidisciplinario.<\/strong><\/h3>\n<h3><\/h3>\n<h3 style=\"text-align: center;\"><strong>COMODIDADES<\/strong><\/h3>\n<p>&nbsp;<\/p>\n<h3><strong>Nuestra nueva sede ofrece una comodidad de primer nivel<\/strong><\/h3>\n<ul>\n<li style=\"list-style-type: none;\">\n<ul>\n<li>\n<h3><strong>Habitaciones individuales con ba\u00f1o privado.<\/strong><\/h3>\n<\/li>\n<li>\n<h3><strong>Salones de reuni\u00f3n privados en todos los pisos.<\/strong><\/h3>\n<\/li>\n<li>\n<h3><strong>Aire acondicionado y calefacci\u00f3n central.<\/strong><\/h3>\n<\/li>\n<li>\n<h3><strong>Telefon\u00eda fija con l\u00edneas rotativas<\/strong><\/h3>\n<\/li>\n<li>\n<h3><strong>30 l\u00edneas de telefon\u00eda m\u00f3vil que permiten la comunicaci\u00f3n permanente entre la direcci\u00f3n y los coordinadores, abarcando amabas sedes de atenci\u00f3n.<\/strong><\/h3>\n<\/li>\n<li>\n<h3><strong>Una l\u00ednea m\u00f3vil extra, exclusiva y de soporte, para el \u00e1rea de internaci\u00f3n.<\/strong><\/h3>\n<\/li>\n<li>\n<h3><strong>Personal propio de mantenimiento<\/strong><\/h3>\n<\/li>\n<li>\n<h3><strong>Televisores en todos los ambientes<\/strong><\/h3>\n<\/li>\n<li>\n<h3><strong>Televisi\u00f3n por cable y videoteca en los salones de usos m\u00faltiples.<\/strong><\/h3>\n<\/li>\n<li>\n<h3><strong>Juegos de mesa, biblioteca y art\u00edculos de deporte a disposici\u00f3n del paciente.<\/strong><\/h3>\n<\/li>\n<li>\n<h3><strong>Ascensor camillero.<\/strong><\/h3>\n<\/li>\n<li>\n<h3><strong>Lavadero.<\/strong><\/h3>\n<\/li>\n<li>\n<h3><strong>Plaza seca, amplia y luminosa.<\/strong><\/h3>\n<\/li>\n<li>\n<h3><strong>Tres patios interiores.<\/strong><\/h3>\n<\/li>\n<li>\n<h3><strong>Polideportivo.<\/strong><\/h3>\n<\/li>\n<li>\n<h3><strong>Gimnasio.<\/strong><\/h3>\n<\/li>\n<\/ul>\n<\/li>\n<\/ul>\n<h3 style=\"text-align: center;\"><strong>SEGURIDAD<\/strong><\/h3>\n<p>&nbsp;<\/p>\n<h3><strong>Somos la \u00fanica Cl\u00ednica Psiqui\u00e1trica \u00a0que cuenta con todas las herramientas \u00a0requeridas por el Ministerio de Seguridad de la \u00a0Ciudad de Buenos Aires \u00a0\u00a0para brindar su mejor atenci\u00f3n.<\/strong><\/h3>\n<ul>\n<li style=\"list-style-type: none;\">\n<ul>\n<li>\n<h3><strong>Normas estrictas de seguridad, controladas y supervisadas por un ingeniero especialista en el tema.<\/strong><\/h3>\n<\/li>\n<li>\n<h3><strong>Normas estrictas de bioseguridad sobre material descartable y cocina.<\/strong><\/h3>\n<\/li>\n<li>\n<h3><strong>Salidas de emergencia.<\/strong><\/h3>\n<\/li>\n<li>\n<h3><strong>Puertas dobles anti-p\u00e1nico, rellenas con piedra volc\u00e1nica.<\/strong><\/h3>\n<\/li>\n<li>\n<h3><strong>Sistema de grupo electr\u00f3geno.<\/strong><\/h3>\n<\/li>\n<li>\n<h3><strong>Sistema de iluminaci\u00f3n de emergencia.<\/strong><\/h3>\n<\/li>\n<li>\n<h3><strong>Escalera anti-incendio, aislada con ventilaci\u00f3n independiente.<\/strong><\/h3>\n<\/li>\n<li>\n<h3><strong>Central de alarmas anti-humo.<\/strong><\/h3>\n<\/li>\n<li>\n<h3><strong>Ventanas con rejas desplegables desde afuera en caso de incendio.<\/strong><\/h3>\n<\/li>\n<\/ul>\n<\/li>\n<\/ul>\n<p>[\/vc_column_text][vc_single_image image=&#8221;11135&#8243; img_size=&#8221;MEDIUM&#8221; alignment=&#8221;center&#8221;][\/vc_column][\/vc_row]<\/p>\n<\/div>","protected":false},"excerpt":{"rendered":"<p>[vc_row][vc_column][vc_column_text] Nuestra experiencia nos permite brindar un excelente servicio &nbsp; M\u00e1s de 40 profesionales de la salud mental. Staff de enfermer\u00eda con amplia experiencia. Consultorios internos y externos. Moderno edificio de cuatro plantas Cada \u00a0piso cuenta con: Office de enfermer\u00eda. Sala de laborterapia. Habitaci\u00f3n vigilada permanentemente. ADMISI\u00d3N El enfoque multidisciplinario apunta a realizar un diagn\u00f3stico integrado del paciente, para lo&#8230;<\/p>\n","protected":false},"author":1,"featured_media":0,"parent":0,"menu_order":0,"comment_status":"closed","ping_status":"closed","template":"","meta":{"footnotes":""},"class_list":["post-11163","page","type-page","status-publish","hentry"],"_links":{"self":[{"href":"https:\/\/moraviaclinica.com\/index.php\/wp-json\/wp\/v2\/pages\/11163","targetHints":{"allow":["GET"]}}],"collection":[{"href":"https:\/\/moraviaclinica.com\/index.php\/wp-json\/wp\/v2\/pages"}],"about":[{"href":"https:\/\/moraviaclinica.com\/index.php\/wp-json\/wp\/v2\/types\/page"}],"author":[{"embeddable":true,"href":"https:\/\/moraviaclinica.com\/index.php\/wp-json\/wp\/v2\/users\/1"}],"replies":[{"embeddable":true,"href":"https:\/\/moraviaclinica.com\/index.php\/wp-json\/wp\/v2\/comments?post=11163"}],"version-history":[{"count":7,"href":"https:\/\/moraviaclinica.com\/index.php\/wp-json\/wp\/v2\/pages\/11163\/revisions"}],"predecessor-version":[{"id":11246,"href":"https:\/\/moraviaclinica.com\/index.php\/wp-json\/wp\/v2\/pages\/11163\/revisions\/11246"}],"wp:attachment":[{"href":"https:\/\/moraviaclinica.com\/index.php\/wp-json\/wp\/v2\/media?parent=11163"}],"curies":[{"name":"wp","href":"https:\/\/api.w.org\/{rel}","templated":true}]}}